{"id":761,"date":"2019-02-13T10:56:04","date_gmt":"2019-02-13T09:56:04","guid":{"rendered":"http:\/\/grub-architekten.de\/wp\/?page_id=761"},"modified":"2022-03-24T09:58:11","modified_gmt":"2022-03-24T08:58:11","slug":"projekte-2","status":"publish","type":"page","link":"https:\/\/grub-architekten.de\/?page_id=761","title":{"rendered":"Projekte"},"content":{"rendered":"<div>\n<div><\/div>\n<\/div>\n<div>\n\n\n    <div id=\"wk-gridcbe\" class=\"uk-child-width-1-1 uk-grid-match uk-text-left \" uk-height-match=\"target: &gt; div &gt; .uk-panel, &gt; div &gt; .uk-card; row: true\" uk-grid >\n\n    \n        <div >\n            <div class=\"uk-panel\">\n\n                \n                \n                \n                                <div class=\"uk-grid uk-flex-middle\" uk-grid>\n                    <div class=\"uk-width-1-2@m \">\n                        <img src=\"https:\/\/grub-architekten.de\/wp-content\/uploads\/2026\/03\/Projektcollage-ohne-Logo3.jpg\" class=\" uk-transition-scale-up uk-transition-opaque\" alt=\"Grundschule Contwig-Stambach\">                    <\/div>\n                    <div class=\"uk-width-1-2@m\">\n                \n                    \n                        \n                                                <h3 class=\"uk-h3 uk-margin-remove-top\">\n\n                                                            <a class=\"uk-link-reset\" href=\"https:\/\/grub-architekten.de\/?p=1545\">Grundschule Contwig-Stambach<\/a>\n                            \n                            \n                        <\/h3>\n                        \n                        \n                        \n                                                <div class=\"uk-margin\"><!-- wp:list -->\n<ul><li>Sanierung und Erweiterung nach neuer Schulbaurichtlinie RLP<\/li><li>3-z\u00fcgig als Clusterkonzeption (Flur-Lernzone)<\/li><li>12 Klassens\u00e4le, 2 GTS-R\u00e4ume, Atrium, Mensa, Mehrzweckraum etc.<\/li><li>in Planung<\/li><\/ul>\n<!-- \/wp:list -->\n\n<!-- wp:group -->\n<div class=\"wp-block-group\"><!-- wp:columns -->\n<div class=\"wp-block-columns\"><!-- wp:column {\"width\":\"100%\"} -->\n<div class=\"wp-block-column\" style=\"flex-basis:100%\"><!-- wp:columns -->\n<div class=\"wp-block-columns\"><!-- wp:column {\"width\":\"100%\"} -->\n<div class=\"wp-block-column\" style=\"flex-basis:100%\"><!-- wp:gallery {\"ids\":[],\"shortCodeTransforms\":[],\"columns\":3,\"linkTo\":\"none\",\"sizeSlug\":\"full\"} -->\n<figure class=\"wp-block-gallery has-nested-images columns-3 is-cropped\"><!-- wp:image {\"id\":1549,\"sizeSlug\":\"full\",\"linkDestination\":\"none\"} -->\n<figure class=\"wp-block-image size-full\"><img loading=\"lazy\" width=\"2226\" height=\"1242\" src=\"https:\/\/grub-architekten.de\/wp-content\/uploads\/2026\/03\/Bild1-1.jpg\" alt=\"\" class=\"wp-image-1549\" srcset=\"https:\/\/grub-architekten.de\/wp-content\/uploads\/2026\/03\/Bild1-1.jpg 2226w, https:\/\/grub-architekten.de\/wp-content\/uploads\/2026\/03\/Bild1-1-300x167.jpg 300w, https:\/\/grub-architekten.de\/wp-content\/uploads\/2026\/03\/Bild1-1-1024x571.jpg 1024w, https:\/\/grub-architekten.de\/wp-content\/uploads\/2026\/03\/Bild1-1-768x429.jpg 768w, https:\/\/grub-architekten.de\/wp-content\/uploads\/2026\/03\/Bild1-1-1536x857.jpg 1536w, https:\/\/grub-architekten.de\/wp-content\/uploads\/2026\/03\/Bild1-1-2048x1143.jpg 2048w\" sizes=\"(max-width: 2226px) 100vw, 2226px\" \/><\/figure>\n<!-- \/wp:image -->\n\n<!-- wp:image {\"id\":1548,\"sizeSlug\":\"full\",\"linkDestination\":\"none\"} -->\n<figure class=\"wp-block-image size-full\"><img loading=\"lazy\" width=\"1920\" height=\"1321\" src=\"https:\/\/grub-architekten.de\/wp-content\/uploads\/2026\/03\/Projektcollage-ohne-Logo4.jpg\" alt=\"\" class=\"wp-image-1548\" srcset=\"https:\/\/grub-architekten.de\/wp-content\/uploads\/2026\/03\/Projektcollage-ohne-Logo4.jpg 1920w, https:\/\/grub-architekten.de\/wp-content\/uploads\/2026\/03\/Projektcollage-ohne-Logo4-300x206.jpg 300w, https:\/\/grub-architekten.de\/wp-content\/uploads\/2026\/03\/Projektcollage-ohne-Logo4-1024x705.jpg 1024w, https:\/\/grub-architekten.de\/wp-content\/uploads\/2026\/03\/Projektcollage-ohne-Logo4-768x528.jpg 768w, https:\/\/grub-architekten.de\/wp-content\/uploads\/2026\/03\/Projektcollage-ohne-Logo4-1536x1057.jpg 1536w\" sizes=\"(max-width: 1920px) 100vw, 1920px\" \/><\/figure>\n<!-- \/wp:image -->\n\n<!-- wp:image {\"id\":1551,\"sizeSlug\":\"full\",\"linkDestination\":\"none\"} -->\n<figure class=\"wp-block-image size-full\"><img loading=\"lazy\" width=\"1920\" height=\"1321\" src=\"https:\/\/grub-architekten.de\/wp-content\/uploads\/2026\/03\/Projektcollage-ohne-Logo5.jpg\" alt=\"\" class=\"wp-image-1551\" srcset=\"https:\/\/grub-architekten.de\/wp-content\/uploads\/2026\/03\/Projektcollage-ohne-Logo5.jpg 1920w, https:\/\/grub-architekten.de\/wp-content\/uploads\/2026\/03\/Projektcollage-ohne-Logo5-300x206.jpg 300w, https:\/\/grub-architekten.de\/wp-content\/uploads\/2026\/03\/Projektcollage-ohne-Logo5-1024x705.jpg 1024w, https:\/\/grub-architekten.de\/wp-content\/uploads\/2026\/03\/Projektcollage-ohne-Logo5-768x528.jpg 768w, https:\/\/grub-architekten.de\/wp-content\/uploads\/2026\/03\/Projektcollage-ohne-Logo5-1536x1057.jpg 1536w\" sizes=\"(max-width: 1920px) 100vw, 1920px\" \/><\/figure>\n<!-- \/wp:image -->\n\n<!-- wp:image {\"id\":1556,\"sizeSlug\":\"full\",\"linkDestination\":\"none\"} -->\n<figure class=\"wp-block-image size-full\"><img loading=\"lazy\" width=\"1920\" height=\"1321\" src=\"https:\/\/grub-architekten.de\/wp-content\/uploads\/2026\/03\/Projektcollage-ohne-Logo6.jpg\" alt=\"\" class=\"wp-image-1556\" srcset=\"https:\/\/grub-architekten.de\/wp-content\/uploads\/2026\/03\/Projektcollage-ohne-Logo6.jpg 1920w, https:\/\/grub-architekten.de\/wp-content\/uploads\/2026\/03\/Projektcollage-ohne-Logo6-300x206.jpg 300w, https:\/\/grub-architekten.de\/wp-content\/uploads\/2026\/03\/Projektcollage-ohne-Logo6-1024x705.jpg 1024w, https:\/\/grub-architekten.de\/wp-content\/uploads\/2026\/03\/Projektcollage-ohne-Logo6-768x528.jpg 768w, https:\/\/grub-architekten.de\/wp-content\/uploads\/2026\/03\/Projektcollage-ohne-Logo6-1536x1057.jpg 1536w\" sizes=\"(max-width: 1920px) 100vw, 1920px\" \/><\/figure>\n<!-- \/wp:image -->\n\n<!-- wp:image {\"id\":1553,\"sizeSlug\":\"full\",\"linkDestination\":\"none\"} -->\n<figure class=\"wp-block-image size-full\"><img loading=\"lazy\" width=\"1920\" height=\"1321\" src=\"https:\/\/grub-architekten.de\/wp-content\/uploads\/2026\/03\/Projektcollage-ohne-Logo11.jpg\" alt=\"\" class=\"wp-image-1553\" srcset=\"https:\/\/grub-architekten.de\/wp-content\/uploads\/2026\/03\/Projektcollage-ohne-Logo11.jpg 1920w, https:\/\/grub-architekten.de\/wp-content\/uploads\/2026\/03\/Projektcollage-ohne-Logo11-300x206.jpg 300w, https:\/\/grub-architekten.de\/wp-content\/uploads\/2026\/03\/Projektcollage-ohne-Logo11-1024x705.jpg 1024w, https:\/\/grub-architekten.de\/wp-content\/uploads\/2026\/03\/Projektcollage-ohne-Logo11-768x528.jpg 768w, https:\/\/grub-architekten.de\/wp-content\/uploads\/2026\/03\/Projektcollage-ohne-Logo11-1536x1057.jpg 1536w\" sizes=\"(max-width: 1920px) 100vw, 1920px\" \/><\/figure>\n<!-- \/wp:image -->\n\n<!-- wp:image {\"id\":1669,\"sizeSlug\":\"full\",\"linkDestination\":\"none\"} -->\n<figure class=\"wp-block-image size-full\"><img loading=\"lazy\" width=\"1920\" height=\"1072\" src=\"https:\/\/grub-architekten.de\/wp-content\/uploads\/2026\/04\/Sitzstufen-Visualisierung-Oben.jpg\" alt=\"\" class=\"wp-image-1669\" srcset=\"https:\/\/grub-architekten.de\/wp-content\/uploads\/2026\/04\/Sitzstufen-Visualisierung-Oben.jpg 1920w, https:\/\/grub-architekten.de\/wp-content\/uploads\/2026\/04\/Sitzstufen-Visualisierung-Oben-300x168.jpg 300w, https:\/\/grub-architekten.de\/wp-content\/uploads\/2026\/04\/Sitzstufen-Visualisierung-Oben-1024x572.jpg 1024w, https:\/\/grub-architekten.de\/wp-content\/uploads\/2026\/04\/Sitzstufen-Visualisierung-Oben-768x429.jpg 768w, https:\/\/grub-architekten.de\/wp-content\/uploads\/2026\/04\/Sitzstufen-Visualisierung-Oben-1536x858.jpg 1536w\" sizes=\"(max-width: 1920px) 100vw, 1920px\" \/><\/figure>\n<!-- \/wp:image -->\n\n<!-- wp:image {\"id\":1554,\"sizeSlug\":\"full\",\"linkDestination\":\"none\"} -->\n<figure class=\"wp-block-image size-full\"><img loading=\"lazy\" width=\"1920\" height=\"1321\" src=\"https:\/\/grub-architekten.de\/wp-content\/uploads\/2026\/03\/Projektcollage-ohne-Logo10.jpg\" alt=\"\" class=\"wp-image-1554\" srcset=\"https:\/\/grub-architekten.de\/wp-content\/uploads\/2026\/03\/Projektcollage-ohne-Logo10.jpg 1920w, https:\/\/grub-architekten.de\/wp-content\/uploads\/2026\/03\/Projektcollage-ohne-Logo10-300x206.jpg 300w, https:\/\/grub-architekten.de\/wp-content\/uploads\/2026\/03\/Projektcollage-ohne-Logo10-1024x705.jpg 1024w, https:\/\/grub-architekten.de\/wp-content\/uploads\/2026\/03\/Projektcollage-ohne-Logo10-768x528.jpg 768w, https:\/\/grub-architekten.de\/wp-content\/uploads\/2026\/03\/Projektcollage-ohne-Logo10-1536x1057.jpg 1536w\" sizes=\"(max-width: 1920px) 100vw, 1920px\" \/><\/figure>\n<!-- \/wp:image -->\n\n<!-- wp:image {\"id\":1557,\"sizeSlug\":\"full\",\"linkDestination\":\"none\"} -->\n<figure class=\"wp-block-image size-full\"><img loading=\"lazy\" width=\"1920\" height=\"1321\" src=\"https:\/\/grub-architekten.de\/wp-content\/uploads\/2026\/03\/Projektcollage-ohne-Logo7.jpg\" alt=\"\" class=\"wp-image-1557\" srcset=\"https:\/\/grub-architekten.de\/wp-content\/uploads\/2026\/03\/Projektcollage-ohne-Logo7.jpg 1920w, https:\/\/grub-architekten.de\/wp-content\/uploads\/2026\/03\/Projektcollage-ohne-Logo7-300x206.jpg 300w, https:\/\/grub-architekten.de\/wp-content\/uploads\/2026\/03\/Projektcollage-ohne-Logo7-1024x705.jpg 1024w, https:\/\/grub-architekten.de\/wp-content\/uploads\/2026\/03\/Projektcollage-ohne-Logo7-768x528.jpg 768w, https:\/\/grub-architekten.de\/wp-content\/uploads\/2026\/03\/Projektcollage-ohne-Logo7-1536x1057.jpg 1536w\" sizes=\"(max-width: 1920px) 100vw, 1920px\" \/><\/figure>\n<!-- \/wp:image -->\n\n<!-- wp:image {\"id\":1555,\"sizeSlug\":\"full\",\"linkDestination\":\"none\"} -->\n<figure class=\"wp-block-image size-full\"><img loading=\"lazy\" width=\"1920\" height=\"1321\" src=\"https:\/\/grub-architekten.de\/wp-content\/uploads\/2026\/03\/Projektcollage-ohne-Logo8.jpg\" alt=\"\" class=\"wp-image-1555\" srcset=\"https:\/\/grub-architekten.de\/wp-content\/uploads\/2026\/03\/Projektcollage-ohne-Logo8.jpg 1920w, https:\/\/grub-architekten.de\/wp-content\/uploads\/2026\/03\/Projektcollage-ohne-Logo8-300x206.jpg 300w, https:\/\/grub-architekten.de\/wp-content\/uploads\/2026\/03\/Projektcollage-ohne-Logo8-1024x705.jpg 1024w, https:\/\/grub-architekten.de\/wp-content\/uploads\/2026\/03\/Projektcollage-ohne-Logo8-768x528.jpg 768w, https:\/\/grub-architekten.de\/wp-content\/uploads\/2026\/03\/Projektcollage-ohne-Logo8-1536x1057.jpg 1536w\" sizes=\"(max-width: 1920px) 100vw, 1920px\" \/><\/figure>\n<!-- \/wp:image -->\n\n<!-- wp:image {\"id\":1583,\"sizeSlug\":\"full\",\"linkDestination\":\"none\"} -->\n<figure class=\"wp-block-image size-full\"><img loading=\"lazy\" width=\"1920\" height=\"1365\" src=\"https:\/\/grub-architekten.de\/wp-content\/uploads\/2026\/03\/Grundriss-EG.jpg\" alt=\"\" class=\"wp-image-1583\" srcset=\"https:\/\/grub-architekten.de\/wp-content\/uploads\/2026\/03\/Grundriss-EG.jpg 1920w, https:\/\/grub-architekten.de\/wp-content\/uploads\/2026\/03\/Grundriss-EG-300x213.jpg 300w, https:\/\/grub-architekten.de\/wp-content\/uploads\/2026\/03\/Grundriss-EG-1024x728.jpg 1024w, https:\/\/grub-architekten.de\/wp-content\/uploads\/2026\/03\/Grundriss-EG-768x546.jpg 768w, https:\/\/grub-architekten.de\/wp-content\/uploads\/2026\/03\/Grundriss-EG-1536x1092.jpg 1536w\" sizes=\"(max-width: 1920px) 100vw, 1920px\" \/><\/figure>\n<!-- \/wp:image --><\/figure>\n<!-- \/wp:gallery --><\/div>\n<!-- \/wp:column --><\/div>\n<!-- \/wp:columns --><\/div>\n<!-- \/wp:column --><\/div>\n<!-- \/wp:columns --><\/div>\n<!-- \/wp:group -->\n\n<!-- wp:paragraph -->\n<p><\/p>\n<!-- \/wp:paragraph --><\/div>\n                        \n                        \n                        \n                    \n                                    <\/div>\n                <\/div>\n                \n            <\/div>\n        <\/div>\n\n    \n        <div >\n            <div class=\"uk-panel\">\n\n                \n                \n                \n                                <div class=\"uk-grid uk-flex-middle\" uk-grid>\n                    <div class=\"uk-width-1-2@m \">\n                        <img src=\"https:\/\/grub-architekten.de\/wp-content\/uploads\/2026\/03\/Luftbild-Perspektive.jpg\" class=\" uk-transition-scale-up uk-transition-opaque\" alt=\"Gemeindezentrum &#038; Kindertagesst\u00e4tte Kr\u00f6ppen\">                    <\/div>\n                    <div class=\"uk-width-1-2@m\">\n                \n                    \n                        \n                                                <h3 class=\"uk-h3 uk-margin-remove-top\">\n\n                                                            <a class=\"uk-link-reset\" href=\"https:\/\/grub-architekten.de\/?p=1572\">Gemeindezentrum &#038; Kindertagesst\u00e4tte Kr\u00f6ppen<\/a>\n                            \n                            \n                        <\/h3>\n                        \n                        \n                        \n                                                <div class=\"uk-margin\"><!-- wp:list -->\n<ul><li>Neubau 2-gruppige Kindertagesst\u00e4tte mit Hort<\/li><li>Gemeindezentrum mit Veranstaltungssaal &amp; B\u00fcrgermeisterb\u00fcro<\/li><li>Bauhof<\/li><li>in Planung<\/li><\/ul>\n<!-- \/wp:list -->\n\n<!-- wp:gallery {\"linkTo\":\"none\"} -->\n<figure class=\"wp-block-gallery has-nested-images columns-default is-cropped\"><!-- wp:image {\"id\":1573,\"sizeSlug\":\"large\",\"linkDestination\":\"none\"} -->\n<figure class=\"wp-block-image size-large\"><img loading=\"lazy\" width=\"1024\" height=\"571\" src=\"https:\/\/grub-architekten.de\/wp-content\/uploads\/2026\/03\/Kindergarten-Innenperspektive-Waldbistro-1024x571.jpg\" alt=\"\" class=\"wp-image-1573\" srcset=\"https:\/\/grub-architekten.de\/wp-content\/uploads\/2026\/03\/Kindergarten-Innenperspektive-Waldbistro-1024x571.jpg 1024w, https:\/\/grub-architekten.de\/wp-content\/uploads\/2026\/03\/Kindergarten-Innenperspektive-Waldbistro-300x167.jpg 300w, https:\/\/grub-architekten.de\/wp-content\/uploads\/2026\/03\/Kindergarten-Innenperspektive-Waldbistro-768x428.jpg 768w, https:\/\/grub-architekten.de\/wp-content\/uploads\/2026\/03\/Kindergarten-Innenperspektive-Waldbistro-1536x857.jpg 1536w, https:\/\/grub-architekten.de\/wp-content\/uploads\/2026\/03\/Kindergarten-Innenperspektive-Waldbistro.jpg 1920w\" sizes=\"(max-width: 1024px) 100vw, 1024px\" \/><\/figure>\n<!-- \/wp:image -->\n\n<!-- wp:image {\"id\":1575,\"sizeSlug\":\"large\",\"linkDestination\":\"none\"} -->\n<figure class=\"wp-block-image size-large\"><img loading=\"lazy\" width=\"1024\" height=\"571\" src=\"https:\/\/grub-architekten.de\/wp-content\/uploads\/2026\/03\/Kindergarten-Spielbereich-Aussen-1024x571.jpg\" alt=\"\" class=\"wp-image-1575\" srcset=\"https:\/\/grub-architekten.de\/wp-content\/uploads\/2026\/03\/Kindergarten-Spielbereich-Aussen-1024x571.jpg 1024w, https:\/\/grub-architekten.de\/wp-content\/uploads\/2026\/03\/Kindergarten-Spielbereich-Aussen-300x167.jpg 300w, https:\/\/grub-architekten.de\/wp-content\/uploads\/2026\/03\/Kindergarten-Spielbereich-Aussen-768x428.jpg 768w, https:\/\/grub-architekten.de\/wp-content\/uploads\/2026\/03\/Kindergarten-Spielbereich-Aussen-1536x857.jpg 1536w, https:\/\/grub-architekten.de\/wp-content\/uploads\/2026\/03\/Kindergarten-Spielbereich-Aussen.jpg 1920w\" sizes=\"(max-width: 1024px) 100vw, 1024px\" \/><\/figure>\n<!-- \/wp:image --><\/figure>\n<!-- \/wp:gallery --><\/div>\n                        \n                        \n                        \n                    \n                                    <\/div>\n                <\/div>\n                \n            <\/div>\n        <\/div>\n\n    \n        <div >\n            <div class=\"uk-panel\">\n\n                \n                \n                \n                                <div class=\"uk-grid uk-flex-middle\" uk-grid>\n                    <div class=\"uk-width-1-2@m \">\n                        <img src=\"https:\/\/grub-architekten.de\/wp-content\/uploads\/2026\/03\/Projektcollage-ohne-Logo.jpg\" class=\" uk-transition-scale-up uk-transition-opaque\" alt=\"Medic-Center &#8222;Am Zunderbaum&#8220; Homburg\">                    <\/div>\n                    <div class=\"uk-width-1-2@m\">\n                \n                    \n                        \n                                                <h3 class=\"uk-h3 uk-margin-remove-top\">\n\n                                                            <a class=\"uk-link-reset\" href=\"https:\/\/grub-architekten.de\/?p=1577\">Medic-Center &#8222;Am Zunderbaum&#8220; Homburg<\/a>\n                            \n                            \n                        <\/h3>\n                        \n                        \n                        \n                                                <div class=\"uk-margin\"><!-- wp:list -->\n<ul><li>Konzeptstudie in Zusammenarbeit mit Neupert Bautr\u00e4ger GmbH<\/li><\/ul>\n<!-- \/wp:list -->\n\n<!-- wp:gallery {\"linkTo\":\"none\"} -->\n<figure class=\"wp-block-gallery has-nested-images columns-default is-cropped\"><!-- wp:image {\"id\":1589,\"sizeSlug\":\"large\",\"linkDestination\":\"none\"} -->\n<figure class=\"wp-block-image size-large\"><img loading=\"lazy\" width=\"1024\" height=\"699\" src=\"https:\/\/grub-architekten.de\/wp-content\/uploads\/2026\/03\/Projektcollage2-ohne-Logo-1024x699.jpg\" alt=\"\" class=\"wp-image-1589\" srcset=\"https:\/\/grub-architekten.de\/wp-content\/uploads\/2026\/03\/Projektcollage2-ohne-Logo-1024x699.jpg 1024w, https:\/\/grub-architekten.de\/wp-content\/uploads\/2026\/03\/Projektcollage2-ohne-Logo-300x205.jpg 300w, https:\/\/grub-architekten.de\/wp-content\/uploads\/2026\/03\/Projektcollage2-ohne-Logo-768x524.jpg 768w, https:\/\/grub-architekten.de\/wp-content\/uploads\/2026\/03\/Projektcollage2-ohne-Logo-1536x1049.jpg 1536w, https:\/\/grub-architekten.de\/wp-content\/uploads\/2026\/03\/Projektcollage2-ohne-Logo.jpg 1920w\" sizes=\"(max-width: 1024px) 100vw, 1024px\" \/><\/figure>\n<!-- \/wp:image --><\/figure>\n<!-- \/wp:gallery --><\/div>\n                        \n                        \n                        \n                    \n                                    <\/div>\n                <\/div>\n                \n            <\/div>\n        <\/div>\n\n    \n        <div >\n            <div class=\"uk-panel\">\n\n                \n                \n                \n                                <div class=\"uk-grid uk-flex-middle\" uk-grid>\n                    <div class=\"uk-width-1-2@m \">\n                        <img src=\"https:\/\/grub-architekten.de\/wp-content\/uploads\/2026\/03\/Aussengastro.jpg\" class=\" uk-transition-scale-up uk-transition-opaque\" alt=\"Parkklinik Zweibr\u00fccken\">                    <\/div>\n                    <div class=\"uk-width-1-2@m\">\n                \n                    \n                        \n                                                <h3 class=\"uk-h3 uk-margin-remove-top\">\n\n                                                            <a class=\"uk-link-reset\" href=\"https:\/\/grub-architekten.de\/?p=1643\">Parkklinik Zweibr\u00fccken<\/a>\n                            \n                            \n                        <\/h3>\n                        \n                        \n                        \n                                                <div class=\"uk-margin\"><!-- wp:list -->\n<ul><li>Konzeptstudie f\u00fcr eine psychosomatische Privatklinik am Fasanerieberg Zweibr\u00fccken<\/li><\/ul>\n<!-- \/wp:list -->\n\n<!-- wp:image {\"id\":1646,\"width\":1920,\"sizeSlug\":\"large\",\"linkDestination\":\"none\"} -->\n<figure class=\"wp-block-image size-large is-resized\"><img src=\"https:\/\/grub-architekten.de\/wp-content\/uploads\/2026\/03\/Haupteingang-edited.jpg\" alt=\"\" class=\"wp-image-1646\" width=\"1920\" srcset=\"https:\/\/grub-architekten.de\/wp-content\/uploads\/2026\/03\/Haupteingang-edited.jpg 1920w, https:\/\/grub-architekten.de\/wp-content\/uploads\/2026\/03\/Haupteingang-edited-300x188.jpg 300w, https:\/\/grub-architekten.de\/wp-content\/uploads\/2026\/03\/Haupteingang-edited-1024x640.jpg 1024w, https:\/\/grub-architekten.de\/wp-content\/uploads\/2026\/03\/Haupteingang-edited-768x480.jpg 768w, https:\/\/grub-architekten.de\/wp-content\/uploads\/2026\/03\/Haupteingang-edited-1536x960.jpg 1536w\" sizes=\"(max-width: 1920px) 100vw, 1920px\" \/><\/figure>\n<!-- \/wp:image --><\/div>\n                        \n                        \n                        \n                    \n                                    <\/div>\n                <\/div>\n                \n            <\/div>\n        <\/div>\n\n    \n        <div >\n            <div class=\"uk-panel\">\n\n                \n                \n                \n                                <div class=\"uk-grid uk-flex-middle\" uk-grid>\n                    <div class=\"uk-width-1-2@m \">\n                        <img src=\"https:\/\/grub-architekten.de\/wp-content\/uploads\/2026\/03\/2025_04_194.jpg\" class=\" uk-transition-scale-up uk-transition-opaque\" alt=\"Parkklinik Hornbach\">                    <\/div>\n                    <div class=\"uk-width-1-2@m\">\n                \n                    \n                        \n                                                <h3 class=\"uk-h3 uk-margin-remove-top\">\n\n                                                            <a class=\"uk-link-reset\" href=\"https:\/\/grub-architekten.de\/?p=1119\">Parkklinik Hornbach<\/a>\n                            \n                            \n                        <\/h3>\n                        \n                        \n                        \n                                                <div class=\"uk-margin\"><!-- wp:list -->\n<ul><li>Umbau und Erweiterung des denkmalgesch\u00fctzten, ehemals landwirtschaftlichen Anwesens zu einer Privatklinik f\u00fcr Psychiatrie und Psychosomatik<\/li><li>Fertigstellung 2025<\/li><\/ul>\n<!-- \/wp:list -->\n\n<!-- wp:gallery {\"linkTo\":\"none\"} -->\n<figure class=\"wp-block-gallery has-nested-images columns-default is-cropped\"><!-- wp:image {\"id\":1532,\"sizeSlug\":\"full\",\"linkDestination\":\"none\"} -->\n<figure class=\"wp-block-image size-full\"><img loading=\"lazy\" width=\"1024\" height=\"767\" src=\"https:\/\/grub-architekten.de\/wp-content\/uploads\/2026\/03\/2025_04_196.jpg\" alt=\"\" class=\"wp-image-1532\" srcset=\"https:\/\/grub-architekten.de\/wp-content\/uploads\/2026\/03\/2025_04_196.jpg 1024w, https:\/\/grub-architekten.de\/wp-content\/uploads\/2026\/03\/2025_04_196-300x225.jpg 300w, https:\/\/grub-architekten.de\/wp-content\/uploads\/2026\/03\/2025_04_196-768x575.jpg 768w\" sizes=\"(max-width: 1024px) 100vw, 1024px\" \/><\/figure>\n<!-- \/wp:image -->\n\n<!-- wp:image {\"id\":1531,\"sizeSlug\":\"large\",\"linkDestination\":\"none\"} -->\n<figure class=\"wp-block-image size-large\"><img loading=\"lazy\" width=\"1024\" height=\"682\" src=\"https:\/\/grub-architekten.de\/wp-content\/uploads\/2026\/03\/2025_04_195.jpg\" alt=\"\" class=\"wp-image-1531\" srcset=\"https:\/\/grub-architekten.de\/wp-content\/uploads\/2026\/03\/2025_04_195.jpg 1024w, https:\/\/grub-architekten.de\/wp-content\/uploads\/2026\/03\/2025_04_195-300x200.jpg 300w, https:\/\/grub-architekten.de\/wp-content\/uploads\/2026\/03\/2025_04_195-768x512.jpg 768w\" sizes=\"(max-width: 1024px) 100vw, 1024px\" \/><\/figure>\n<!-- \/wp:image -->\n\n<!-- wp:image {\"id\":1534,\"sizeSlug\":\"large\",\"linkDestination\":\"none\"} -->\n<figure class=\"wp-block-image size-large\"><img loading=\"lazy\" width=\"1024\" height=\"813\" src=\"https:\/\/grub-architekten.de\/wp-content\/uploads\/2026\/03\/2025-04-26-PKHO-Eroeffnung-116.jpg\" alt=\"\" class=\"wp-image-1534\" srcset=\"https:\/\/grub-architekten.de\/wp-content\/uploads\/2026\/03\/2025-04-26-PKHO-Eroeffnung-116.jpg 1024w, https:\/\/grub-architekten.de\/wp-content\/uploads\/2026\/03\/2025-04-26-PKHO-Eroeffnung-116-300x238.jpg 300w, https:\/\/grub-architekten.de\/wp-content\/uploads\/2026\/03\/2025-04-26-PKHO-Eroeffnung-116-768x610.jpg 768w\" sizes=\"(max-width: 1024px) 100vw, 1024px\" \/><\/figure>\n<!-- \/wp:image -->\n\n<!-- wp:image {\"id\":1536,\"sizeSlug\":\"large\",\"linkDestination\":\"none\"} -->\n<figure class=\"wp-block-image size-large\"><img loading=\"lazy\" width=\"1024\" height=\"571\" src=\"https:\/\/grub-architekten.de\/wp-content\/uploads\/2026\/03\/2025-04-PKHO-light-3.jpg\" alt=\"\" class=\"wp-image-1536\" srcset=\"https:\/\/grub-architekten.de\/wp-content\/uploads\/2026\/03\/2025-04-PKHO-light-3.jpg 1024w, https:\/\/grub-architekten.de\/wp-content\/uploads\/2026\/03\/2025-04-PKHO-light-3-300x167.jpg 300w, https:\/\/grub-architekten.de\/wp-content\/uploads\/2026\/03\/2025-04-PKHO-light-3-768x428.jpg 768w\" sizes=\"(max-width: 1024px) 100vw, 1024px\" \/><\/figure>\n<!-- \/wp:image -->\n\n<!-- wp:image {\"id\":1537,\"sizeSlug\":\"large\",\"linkDestination\":\"none\"} -->\n<figure class=\"wp-block-image size-large\"><img loading=\"lazy\" width=\"1024\" height=\"682\" src=\"https:\/\/grub-architekten.de\/wp-content\/uploads\/2026\/03\/2025-05-PKHO-MG-38.jpg\" alt=\"\" class=\"wp-image-1537\" srcset=\"https:\/\/grub-architekten.de\/wp-content\/uploads\/2026\/03\/2025-05-PKHO-MG-38.jpg 1024w, https:\/\/grub-architekten.de\/wp-content\/uploads\/2026\/03\/2025-05-PKHO-MG-38-300x200.jpg 300w, https:\/\/grub-architekten.de\/wp-content\/uploads\/2026\/03\/2025-05-PKHO-MG-38-768x512.jpg 768w\" sizes=\"(max-width: 1024px) 100vw, 1024px\" \/><\/figure>\n<!-- \/wp:image -->\n\n<!-- wp:image {\"id\":1535,\"sizeSlug\":\"large\",\"linkDestination\":\"none\"} -->\n<figure class=\"wp-block-image size-large\"><img loading=\"lazy\" width=\"682\" height=\"1024\" src=\"https:\/\/grub-architekten.de\/wp-content\/uploads\/2026\/03\/2025_05_003.jpg\" alt=\"\" class=\"wp-image-1535\" srcset=\"https:\/\/grub-architekten.de\/wp-content\/uploads\/2026\/03\/2025_05_003.jpg 682w, https:\/\/grub-architekten.de\/wp-content\/uploads\/2026\/03\/2025_05_003-200x300.jpg 200w\" sizes=\"(max-width: 682px) 100vw, 682px\" \/><\/figure>\n<!-- \/wp:image -->\n\n<!-- wp:image {\"id\":1533,\"sizeSlug\":\"large\",\"linkDestination\":\"none\"} -->\n<figure class=\"wp-block-image size-large\"><img loading=\"lazy\" width=\"1024\" height=\"682\" src=\"https:\/\/grub-architekten.de\/wp-content\/uploads\/2026\/03\/2025_05_001.jpg\" alt=\"\" class=\"wp-image-1533\" srcset=\"https:\/\/grub-architekten.de\/wp-content\/uploads\/2026\/03\/2025_05_001.jpg 1024w, https:\/\/grub-architekten.de\/wp-content\/uploads\/2026\/03\/2025_05_001-300x200.jpg 300w, https:\/\/grub-architekten.de\/wp-content\/uploads\/2026\/03\/2025_05_001-768x512.jpg 768w\" sizes=\"(max-width: 1024px) 100vw, 1024px\" \/><\/figure>\n<!-- \/wp:image --><\/figure>\n<!-- \/wp:gallery -->\n\n<!-- wp:paragraph -->\n<p><\/p>\n<!-- \/wp:paragraph --><\/div>\n                        \n                        \n                        \n                    \n                                    <\/div>\n                <\/div>\n                \n            <\/div>\n        <\/div>\n\n    \n        <div >\n            <div class=\"uk-panel\">\n\n                \n                \n                \n                                <div class=\"uk-grid uk-flex-middle\" uk-grid>\n                    <div class=\"uk-width-1-2@m \">\n                        <img src=\"https:\/\/grub-architekten.de\/wp-content\/uploads\/2019\/03\/Leben-Am-Fasaneriewald_1-scaled.jpg\" class=\" uk-transition-scale-up uk-transition-opaque\" alt=\"Plateau Fasaneriewald Zweibr\u00fccken\">                    <\/div>\n                    <div class=\"uk-width-1-2@m\">\n                \n                    \n                        \n                                                <h3 class=\"uk-h3 uk-margin-remove-top\">\n\n                                                            <a class=\"uk-link-reset\" href=\"https:\/\/grub-architekten.de\/?p=830\">Plateau Fasaneriewald Zweibr\u00fccken<\/a>\n                            \n                            \n                        <\/h3>\n                        \n                        \n                        \n                                                <div class=\"uk-margin\"><!-- wp:list -->\n<ul><li>Neubau von 48 Wohnungen in vier Geb\u00e4uden einschlie\u00dflich Tiefgaragen<\/li><li>Fertigstellung Oktober 2020<\/li><\/ul>\n<!-- \/wp:list -->\n\n<!-- wp:image {\"id\":1614,\"width\":1920,\"sizeSlug\":\"large\",\"linkDestination\":\"none\"} -->\n<figure class=\"wp-block-image size-large is-resized\"><img src=\"https:\/\/grub-architekten.de\/wp-content\/uploads\/2026\/03\/buch-02-edited.jpg\" alt=\"\" class=\"wp-image-1614\" width=\"1920\" srcset=\"https:\/\/grub-architekten.de\/wp-content\/uploads\/2026\/03\/buch-02-edited.jpg 1920w, https:\/\/grub-architekten.de\/wp-content\/uploads\/2026\/03\/buch-02-edited-300x188.jpg 300w, https:\/\/grub-architekten.de\/wp-content\/uploads\/2026\/03\/buch-02-edited-1024x640.jpg 1024w, https:\/\/grub-architekten.de\/wp-content\/uploads\/2026\/03\/buch-02-edited-768x480.jpg 768w, https:\/\/grub-architekten.de\/wp-content\/uploads\/2026\/03\/buch-02-edited-1536x960.jpg 1536w\" sizes=\"(max-width: 1920px) 100vw, 1920px\" \/><\/figure>\n<!-- \/wp:image -->\n\n<!-- wp:gallery {\"linkTo\":\"none\"} -->\n<figure class=\"wp-block-gallery has-nested-images columns-default is-cropped\"><!-- wp:image {\"id\":1600,\"sizeSlug\":\"large\",\"linkDestination\":\"none\"} -->\n<figure class=\"wp-block-image size-large\"><img loading=\"lazy\" width=\"1280\" height=\"1337\" src=\"https:\/\/grub-architekten.de\/wp-content\/uploads\/2026\/03\/buch-01-edited.jpg\" alt=\"\" class=\"wp-image-1600\" srcset=\"https:\/\/grub-architekten.de\/wp-content\/uploads\/2026\/03\/buch-01-edited.jpg 1280w, https:\/\/grub-architekten.de\/wp-content\/uploads\/2026\/03\/buch-01-edited-287x300.jpg 287w, https:\/\/grub-architekten.de\/wp-content\/uploads\/2026\/03\/buch-01-edited-980x1024.jpg 980w, https:\/\/grub-architekten.de\/wp-content\/uploads\/2026\/03\/buch-01-edited-768x802.jpg 768w\" sizes=\"(max-width: 1280px) 100vw, 1280px\" \/><\/figure>\n<!-- \/wp:image -->\n\n<!-- wp:image {\"id\":1601,\"sizeSlug\":\"large\",\"linkDestination\":\"none\"} -->\n<figure class=\"wp-block-image size-large\"><img loading=\"lazy\" width=\"1536\" height=\"961\" src=\"https:\/\/grub-architekten.de\/wp-content\/uploads\/2026\/03\/ENDE-VIS-HausBCD-Rueck-Zweibruecken-Fasanerieberg-edited.jpg\" alt=\"\" class=\"wp-image-1601\" srcset=\"https:\/\/grub-architekten.de\/wp-content\/uploads\/2026\/03\/ENDE-VIS-HausBCD-Rueck-Zweibruecken-Fasanerieberg-edited.jpg 1536w, https:\/\/grub-architekten.de\/wp-content\/uploads\/2026\/03\/ENDE-VIS-HausBCD-Rueck-Zweibruecken-Fasanerieberg-edited-300x188.jpg 300w, https:\/\/grub-architekten.de\/wp-content\/uploads\/2026\/03\/ENDE-VIS-HausBCD-Rueck-Zweibruecken-Fasanerieberg-edited-1024x641.jpg 1024w, https:\/\/grub-architekten.de\/wp-content\/uploads\/2026\/03\/ENDE-VIS-HausBCD-Rueck-Zweibruecken-Fasanerieberg-edited-768x481.jpg 768w\" sizes=\"(max-width: 1536px) 100vw, 1536px\" \/><\/figure>\n<!-- \/wp:image -->\n\n<!-- wp:image {\"id\":1594,\"sizeSlug\":\"large\",\"linkDestination\":\"none\"} -->\n<figure class=\"wp-block-image size-large\"><img loading=\"lazy\" width=\"1920\" height=\"1080\" src=\"https:\/\/grub-architekten.de\/wp-content\/uploads\/2026\/03\/ENDE-VIS-HausBC-Penthouse-aussen-Zweibruecken-Fasanerieberg.jpg\" alt=\"\" class=\"wp-image-1594\" srcset=\"https:\/\/grub-architekten.de\/wp-content\/uploads\/2026\/03\/ENDE-VIS-HausBC-Penthouse-aussen-Zweibruecken-Fasanerieberg.jpg 1920w, https:\/\/grub-architekten.de\/wp-content\/uploads\/2026\/03\/ENDE-VIS-HausBC-Penthouse-aussen-Zweibruecken-Fasanerieberg-300x169.jpg 300w, https:\/\/grub-architekten.de\/wp-content\/uploads\/2026\/03\/ENDE-VIS-HausBC-Penthouse-aussen-Zweibruecken-Fasanerieberg-1024x576.jpg 1024w, https:\/\/grub-architekten.de\/wp-content\/uploads\/2026\/03\/ENDE-VIS-HausBC-Penthouse-aussen-Zweibruecken-Fasanerieberg-768x432.jpg 768w, https:\/\/grub-architekten.de\/wp-content\/uploads\/2026\/03\/ENDE-VIS-HausBC-Penthouse-aussen-Zweibruecken-Fasanerieberg-1536x864.jpg 1536w\" sizes=\"(max-width: 1920px) 100vw, 1920px\" \/><\/figure>\n<!-- \/wp:image -->\n\n<!-- wp:image {\"id\":1595,\"sizeSlug\":\"large\",\"linkDestination\":\"none\"} -->\n<figure class=\"wp-block-image size-large\"><img loading=\"lazy\" width=\"1920\" height=\"1440\" src=\"https:\/\/grub-architekten.de\/wp-content\/uploads\/2026\/03\/ENDE-VIS-HausA-Schlafzimmer-Zweibruecken-Fasanerieberg.jpg\" alt=\"\" class=\"wp-image-1595\" srcset=\"https:\/\/grub-architekten.de\/wp-content\/uploads\/2026\/03\/ENDE-VIS-HausA-Schlafzimmer-Zweibruecken-Fasanerieberg.jpg 1920w, https:\/\/grub-architekten.de\/wp-content\/uploads\/2026\/03\/ENDE-VIS-HausA-Schlafzimmer-Zweibruecken-Fasanerieberg-300x225.jpg 300w, https:\/\/grub-architekten.de\/wp-content\/uploads\/2026\/03\/ENDE-VIS-HausA-Schlafzimmer-Zweibruecken-Fasanerieberg-1024x768.jpg 1024w, https:\/\/grub-architekten.de\/wp-content\/uploads\/2026\/03\/ENDE-VIS-HausA-Schlafzimmer-Zweibruecken-Fasanerieberg-768x576.jpg 768w, https:\/\/grub-architekten.de\/wp-content\/uploads\/2026\/03\/ENDE-VIS-HausA-Schlafzimmer-Zweibruecken-Fasanerieberg-1536x1152.jpg 1536w\" sizes=\"(max-width: 1920px) 100vw, 1920px\" \/><\/figure>\n<!-- \/wp:image -->\n\n<!-- wp:image {\"id\":1593,\"sizeSlug\":\"large\",\"linkDestination\":\"none\"} -->\n<figure class=\"wp-block-image size-large\"><img loading=\"lazy\" width=\"1920\" height=\"1080\" src=\"https:\/\/grub-architekten.de\/wp-content\/uploads\/2026\/03\/ENDE-VIS-HausA-Wohnen-Essen-Zweibruecken-Fasanerieberg.jpg\" alt=\"\" class=\"wp-image-1593\" srcset=\"https:\/\/grub-architekten.de\/wp-content\/uploads\/2026\/03\/ENDE-VIS-HausA-Wohnen-Essen-Zweibruecken-Fasanerieberg.jpg 1920w, https:\/\/grub-architekten.de\/wp-content\/uploads\/2026\/03\/ENDE-VIS-HausA-Wohnen-Essen-Zweibruecken-Fasanerieberg-300x169.jpg 300w, https:\/\/grub-architekten.de\/wp-content\/uploads\/2026\/03\/ENDE-VIS-HausA-Wohnen-Essen-Zweibruecken-Fasanerieberg-1024x576.jpg 1024w, https:\/\/grub-architekten.de\/wp-content\/uploads\/2026\/03\/ENDE-VIS-HausA-Wohnen-Essen-Zweibruecken-Fasanerieberg-768x432.jpg 768w, https:\/\/grub-architekten.de\/wp-content\/uploads\/2026\/03\/ENDE-VIS-HausA-Wohnen-Essen-Zweibruecken-Fasanerieberg-1536x864.jpg 1536w\" sizes=\"(max-width: 1920px) 100vw, 1920px\" \/><\/figure>\n<!-- \/wp:image --><\/figure>\n<!-- \/wp:gallery -->\n\n<!-- wp:paragraph -->\n<p><\/p>\n<!-- \/wp:paragraph --><\/div>\n                        \n                        \n                        \n                    \n                                    <\/div>\n                <\/div>\n                \n            <\/div>\n        <\/div>\n\n    \n        <div >\n            <div class=\"uk-panel\">\n\n                \n                \n                \n                                <div class=\"uk-grid uk-flex-middle\" uk-grid>\n                    <div class=\"uk-width-1-2@m \">\n                        <img src=\"https:\/\/grub-architekten.de\/wp-content\/uploads\/2022\/03\/nierstein_01.webp\" class=\" uk-transition-scale-up uk-transition-opaque\" alt=\"Wohnresidenz Spiegelberg Nierstein\">                    <\/div>\n                    <div class=\"uk-width-1-2@m\">\n                \n                    \n                        \n                                                <h3 class=\"uk-h3 uk-margin-remove-top\">\n\n                                                            <a class=\"uk-link-reset\" href=\"https:\/\/grub-architekten.de\/?p=1024\">Wohnresidenz Spiegelberg Nierstein<\/a>\n                            \n                            \n                        <\/h3>\n                        \n                        \n                        \n                                                <div class=\"uk-margin\"><!-- wp:list -->\n<ul><li>Neubau von 35 Wohnungen in f\u00fcnf Geb\u00e4uden einschlie\u00dflich Tiefgarage<\/li><li>In Zusammenarbeit mit Grossmann Schmitz-Engels, Berlin<\/li><li>Im Bau, Fertigstellung Sommer 2022<\/li><\/ul>\n<!-- \/wp:list -->\n\n<!-- wp:image {\"id\":1605,\"width\":1920,\"sizeSlug\":\"large\",\"linkDestination\":\"none\"} -->\n<figure class=\"wp-block-image size-large is-resized\"><img src=\"https:\/\/grub-architekten.de\/wp-content\/uploads\/2026\/03\/nierstein-01-1024x768.jpg\" alt=\"\" class=\"wp-image-1605\" width=\"1920\" srcset=\"https:\/\/grub-architekten.de\/wp-content\/uploads\/2026\/03\/nierstein-01-1024x768.jpg 1024w, https:\/\/grub-architekten.de\/wp-content\/uploads\/2026\/03\/nierstein-01-300x225.jpg 300w, https:\/\/grub-architekten.de\/wp-content\/uploads\/2026\/03\/nierstein-01-768x576.jpg 768w, https:\/\/grub-architekten.de\/wp-content\/uploads\/2026\/03\/nierstein-01-1536x1152.jpg 1536w, https:\/\/grub-architekten.de\/wp-content\/uploads\/2026\/03\/nierstein-01.jpg 1920w\" sizes=\"(max-width: 1024px) 100vw, 1024px\" \/><\/figure>\n<!-- \/wp:image -->\n\n<!-- wp:group -->\n<div class=\"wp-block-group\"><!-- wp:columns -->\n<div class=\"wp-block-columns\"><!-- wp:column {\"width\":\"30%\"} -->\n<div class=\"wp-block-column\" style=\"flex-basis:30%\"><!-- wp:image {\"id\":1493,\"sizeSlug\":\"large\",\"linkDestination\":\"none\"} -->\n<figure class=\"wp-block-image size-large\"><img loading=\"lazy\" width=\"684\" height=\"1024\" src=\"https:\/\/grub-architekten.de\/wp-content\/uploads\/2022\/08\/nierstein_02-684x1024.webp\" alt=\"\" class=\"wp-image-1493\" srcset=\"https:\/\/grub-architekten.de\/wp-content\/uploads\/2022\/08\/nierstein_02-684x1024.webp 684w, https:\/\/grub-architekten.de\/wp-content\/uploads\/2022\/08\/nierstein_02-200x300.webp 200w, https:\/\/grub-architekten.de\/wp-content\/uploads\/2022\/08\/nierstein_02-768x1150.webp 768w, https:\/\/grub-architekten.de\/wp-content\/uploads\/2022\/08\/nierstein_02-1026x1536.webp 1026w, https:\/\/grub-architekten.de\/wp-content\/uploads\/2022\/08\/nierstein_02.webp 1280w\" sizes=\"(max-width: 684px) 100vw, 684px\" \/><\/figure>\n<!-- \/wp:image --><\/div>\n<!-- \/wp:column -->\n\n<!-- wp:column {\"width\":\"67.5%\"} -->\n<div class=\"wp-block-column\" style=\"flex-basis:67.5%\"><!-- wp:image {\"id\":1494,\"sizeSlug\":\"large\",\"linkDestination\":\"none\"} -->\n<figure class=\"wp-block-image size-large\"><img loading=\"lazy\" width=\"1024\" height=\"683\" src=\"https:\/\/grub-architekten.de\/wp-content\/uploads\/2022\/08\/nierstein_03-1024x683.webp\" alt=\"\" class=\"wp-image-1494\" srcset=\"https:\/\/grub-architekten.de\/wp-content\/uploads\/2022\/08\/nierstein_03-1024x683.webp 1024w, https:\/\/grub-architekten.de\/wp-content\/uploads\/2022\/08\/nierstein_03-300x200.webp 300w, https:\/\/grub-architekten.de\/wp-content\/uploads\/2022\/08\/nierstein_03-768x512.webp 768w, https:\/\/grub-architekten.de\/wp-content\/uploads\/2022\/08\/nierstein_03-1536x1024.webp 1536w, https:\/\/grub-architekten.de\/wp-content\/uploads\/2022\/08\/nierstein_03.webp 1920w\" sizes=\"(max-width: 1024px) 100vw, 1024px\" \/><\/figure>\n<!-- \/wp:image --><\/div>\n<!-- \/wp:column --><\/div>\n<!-- \/wp:columns --><\/div>\n<!-- \/wp:group --><\/div>\n                        \n                        \n                        \n                    \n                                    <\/div>\n                <\/div>\n                \n            <\/div>\n        <\/div>\n\n    \n        <div >\n            <div class=\"uk-panel\">\n\n                \n                \n                \n                                <div class=\"uk-grid uk-flex-middle\" uk-grid>\n                    <div class=\"uk-width-1-2@m \">\n                        <img src=\"https:\/\/grub-architekten.de\/wp-content\/uploads\/2022\/03\/louise-scheppler_01_1.webp\" class=\" uk-transition-scale-up uk-transition-opaque\" alt=\"Protestantische Kindertagesst\u00e4tte Louise-Scheppler St. Ingbert\">                    <\/div>\n                    <div class=\"uk-width-1-2@m\">\n                \n                    \n                        \n                                                <h3 class=\"uk-h3 uk-margin-remove-top\">\n\n                                                            <a class=\"uk-link-reset\" href=\"https:\/\/grub-architekten.de\/?p=1142\">Protestantische Kindertagesst\u00e4tte Louise-Scheppler St. Ingbert<\/a>\n                            \n                            \n                        <\/h3>\n                        \n                        \n                        \n                                                <div class=\"uk-margin\"><!-- wp:list -->\n<ul><li>Generalsanierung und Erweiterung einer 6-gruppigen Kita<\/li><li>Fertigstellung Dezember 2021<\/li><\/ul>\n<!-- \/wp:list -->\n\n<!-- wp:gallery {\"linkTo\":\"none\"} -->\n<figure class=\"wp-block-gallery has-nested-images columns-default is-cropped\"><!-- wp:image {\"id\":1476,\"sizeSlug\":\"large\",\"linkDestination\":\"none\"} -->\n<figure class=\"wp-block-image size-large\"><img loading=\"lazy\" width=\"1024\" height=\"683\" src=\"https:\/\/grub-architekten.de\/wp-content\/uploads\/2022\/08\/louise-scheppler_04-1024x683.webp\" alt=\"\" class=\"wp-image-1476\" srcset=\"https:\/\/grub-architekten.de\/wp-content\/uploads\/2022\/08\/louise-scheppler_04-1024x683.webp 1024w, https:\/\/grub-architekten.de\/wp-content\/uploads\/2022\/08\/louise-scheppler_04-300x200.webp 300w, https:\/\/grub-architekten.de\/wp-content\/uploads\/2022\/08\/louise-scheppler_04-768x512.webp 768w, https:\/\/grub-architekten.de\/wp-content\/uploads\/2022\/08\/louise-scheppler_04-1536x1024.webp 1536w, https:\/\/grub-architekten.de\/wp-content\/uploads\/2022\/08\/louise-scheppler_04.webp 1920w\" sizes=\"(max-width: 1024px) 100vw, 1024px\" \/><\/figure>\n<!-- \/wp:image -->\n\n<!-- wp:image {\"id\":1474,\"sizeSlug\":\"large\",\"linkDestination\":\"none\"} -->\n<figure class=\"wp-block-image size-large\"><img loading=\"lazy\" width=\"1024\" height=\"683\" src=\"https:\/\/grub-architekten.de\/wp-content\/uploads\/2022\/08\/louise-scheppler_03-1024x683.webp\" alt=\"\" class=\"wp-image-1474\" srcset=\"https:\/\/grub-architekten.de\/wp-content\/uploads\/2022\/08\/louise-scheppler_03-1024x683.webp 1024w, https:\/\/grub-architekten.de\/wp-content\/uploads\/2022\/08\/louise-scheppler_03-300x200.webp 300w, https:\/\/grub-architekten.de\/wp-content\/uploads\/2022\/08\/louise-scheppler_03-768x512.webp 768w, https:\/\/grub-architekten.de\/wp-content\/uploads\/2022\/08\/louise-scheppler_03-1536x1024.webp 1536w, https:\/\/grub-architekten.de\/wp-content\/uploads\/2022\/08\/louise-scheppler_03.webp 1920w\" sizes=\"(max-width: 1024px) 100vw, 1024px\" \/><\/figure>\n<!-- \/wp:image -->\n\n<!-- wp:image {\"id\":1475,\"sizeSlug\":\"large\",\"linkDestination\":\"none\"} -->\n<figure class=\"wp-block-image size-large\"><img loading=\"lazy\" width=\"1024\" height=\"683\" src=\"https:\/\/grub-architekten.de\/wp-content\/uploads\/2022\/08\/louise-scheppler_06-1024x683.webp\" alt=\"\" class=\"wp-image-1475\" srcset=\"https:\/\/grub-architekten.de\/wp-content\/uploads\/2022\/08\/louise-scheppler_06-1024x683.webp 1024w, https:\/\/grub-architekten.de\/wp-content\/uploads\/2022\/08\/louise-scheppler_06-300x200.webp 300w, https:\/\/grub-architekten.de\/wp-content\/uploads\/2022\/08\/louise-scheppler_06-768x512.webp 768w, https:\/\/grub-architekten.de\/wp-content\/uploads\/2022\/08\/louise-scheppler_06-1536x1024.webp 1536w, https:\/\/grub-architekten.de\/wp-content\/uploads\/2022\/08\/louise-scheppler_06.webp 1920w\" sizes=\"(max-width: 1024px) 100vw, 1024px\" \/><\/figure>\n<!-- \/wp:image -->\n\n<!-- wp:image {\"id\":1477,\"sizeSlug\":\"large\",\"linkDestination\":\"none\"} -->\n<figure class=\"wp-block-image size-large\"><img loading=\"lazy\" width=\"1024\" height=\"683\" src=\"https:\/\/grub-architekten.de\/wp-content\/uploads\/2022\/08\/louise-scheppler_05-1024x683.webp\" alt=\"\" class=\"wp-image-1477\" srcset=\"https:\/\/grub-architekten.de\/wp-content\/uploads\/2022\/08\/louise-scheppler_05-1024x683.webp 1024w, https:\/\/grub-architekten.de\/wp-content\/uploads\/2022\/08\/louise-scheppler_05-300x200.webp 300w, https:\/\/grub-architekten.de\/wp-content\/uploads\/2022\/08\/louise-scheppler_05-768x512.webp 768w, https:\/\/grub-architekten.de\/wp-content\/uploads\/2022\/08\/louise-scheppler_05-1536x1024.webp 1536w, https:\/\/grub-architekten.de\/wp-content\/uploads\/2022\/08\/louise-scheppler_05.webp 1920w\" sizes=\"(max-width: 1024px) 100vw, 1024px\" \/><\/figure>\n<!-- \/wp:image -->\n\n<!-- wp:image {\"id\":1470,\"sizeSlug\":\"large\",\"linkDestination\":\"none\"} -->\n<figure class=\"wp-block-image size-large\"><img loading=\"lazy\" width=\"1024\" height=\"576\" src=\"https:\/\/grub-architekten.de\/wp-content\/uploads\/2022\/08\/louise-scheppler_02-1024x576.webp\" alt=\"\" class=\"wp-image-1470\" srcset=\"https:\/\/grub-architekten.de\/wp-content\/uploads\/2022\/08\/louise-scheppler_02-1024x576.webp 1024w, https:\/\/grub-architekten.de\/wp-content\/uploads\/2022\/08\/louise-scheppler_02-300x169.webp 300w, https:\/\/grub-architekten.de\/wp-content\/uploads\/2022\/08\/louise-scheppler_02-768x432.webp 768w, https:\/\/grub-architekten.de\/wp-content\/uploads\/2022\/08\/louise-scheppler_02-1536x864.webp 1536w, https:\/\/grub-architekten.de\/wp-content\/uploads\/2022\/08\/louise-scheppler_02.webp 1920w\" sizes=\"(max-width: 1024px) 100vw, 1024px\" \/><\/figure>\n<!-- \/wp:image --><\/figure>\n<!-- \/wp:gallery --><\/div>\n                        \n                        \n                        \n                    \n                                    <\/div>\n                <\/div>\n                \n            <\/div>\n        <\/div>\n\n    \n        <div >\n            <div class=\"uk-panel\">\n\n                \n                \n                \n                                <div class=\"uk-grid uk-flex-middle\" uk-grid>\n                    <div class=\"uk-width-1-2@m \">\n                        <img src=\"https:\/\/grub-architekten.de\/wp-content\/uploads\/2022\/03\/Schwebelhaus2-1.jpg\" class=\" uk-transition-scale-up uk-transition-opaque\" alt=\"Protestantisches Verwaltungsamt \/ Johann-Schwebel-Haus Zweibr\u00fccken\">                    <\/div>\n                    <div class=\"uk-width-1-2@m\">\n                \n                    \n                        \n                                                <h3 class=\"uk-h3 uk-margin-remove-top\">\n\n                                                            <a class=\"uk-link-reset\" href=\"https:\/\/grub-architekten.de\/?p=1144\">Protestantisches Verwaltungsamt \/ Johann-Schwebel-Haus Zweibr\u00fccken<\/a>\n                            \n                            \n                        <\/h3>\n                        \n                        \n                        \n                                                <div class=\"uk-margin\"><!-- wp:list -->\n<ul><li>Erweiterung des Verwaltungsgeb\u00e4udes<\/li><li>Fertigstellung Juli 2021<\/li><\/ul>\n<!-- \/wp:list -->\n\n<!-- wp:paragraph -->\n<p><\/p>\n<!-- \/wp:paragraph --><\/div>\n                        \n                        \n                        \n                    \n                                    <\/div>\n                <\/div>\n                \n            <\/div>\n        <\/div>\n\n    \n        <div >\n            <div class=\"uk-panel\">\n\n                \n                \n                \n                                <div class=\"uk-grid uk-flex-middle\" uk-grid>\n                    <div class=\"uk-width-1-2@m \">\n                        <img src=\"https:\/\/grub-architekten.de\/wp-content\/uploads\/2022\/03\/Kita_Schwebelstrasse.webp\" class=\" uk-transition-scale-up uk-transition-opaque\" alt=\"Protestantische Kindertagesst\u00e4tte Johann-Schwebel-Stra\u00dfe Zweibr\u00fccken\">                    <\/div>\n                    <div class=\"uk-width-1-2@m\">\n                \n                    \n                        \n                                                <h3 class=\"uk-h3 uk-margin-remove-top\">\n\n                                                            <a class=\"uk-link-reset\" href=\"https:\/\/grub-architekten.de\/?p=1147\">Protestantische Kindertagesst\u00e4tte Johann-Schwebel-Stra\u00dfe Zweibr\u00fccken<\/a>\n                            \n                            \n                        <\/h3>\n                        \n                        \n                        \n                                                <div class=\"uk-margin\"><!-- wp:list -->\n<ul><li>Generalsanierung und Erweiterung einer 3-gruppigen Kita<\/li><li>Fertigstellung Dezember 2020<\/li><\/ul>\n<!-- \/wp:list -->\n\n<!-- wp:columns -->\n<div class=\"wp-block-columns\"><!-- wp:column {\"width\":\"50%\"} -->\n<div class=\"wp-block-column\" style=\"flex-basis:50%\"><!-- wp:gallery {\"ids\":[],\"shortCodeTransforms\":[],\"linkTo\":\"none\"} -->\n<figure class=\"wp-block-gallery has-nested-images columns-default is-cropped\"><!-- wp:image {\"id\":1176,\"sizeSlug\":\"full\",\"linkDestination\":\"none\",\"className\":\"is-style-default\"} -->\n<figure class=\"wp-block-image size-full is-style-default\"><img loading=\"lazy\" width=\"800\" height=\"450\" src=\"https:\/\/grub-architekten.de\/wp-content\/uploads\/2022\/03\/Kindergarten-Johann-Schwebel-eaa37d89.jpeg\" alt=\"\" class=\"wp-image-1176\" srcset=\"https:\/\/grub-architekten.de\/wp-content\/uploads\/2022\/03\/Kindergarten-Johann-Schwebel-eaa37d89.jpeg 800w, https:\/\/grub-architekten.de\/wp-content\/uploads\/2022\/03\/Kindergarten-Johann-Schwebel-eaa37d89-300x169.jpeg 300w, https:\/\/grub-architekten.de\/wp-content\/uploads\/2022\/03\/Kindergarten-Johann-Schwebel-eaa37d89-768x432.jpeg 768w\" sizes=\"(max-width: 800px) 100vw, 800px\" \/><\/figure>\n<!-- \/wp:image --><\/figure>\n<!-- \/wp:gallery --><\/div>\n<!-- \/wp:column -->\n\n<!-- wp:column {\"width\":\"50%\"} -->\n<div class=\"wp-block-column\" style=\"flex-basis:50%\"><\/div>\n<!-- \/wp:column --><\/div>\n<!-- \/wp:columns --><\/div>\n                        \n                        \n                        \n                    \n                                    <\/div>\n                <\/div>\n                \n            <\/div>\n        <\/div>\n\n    \n        <div >\n            <div class=\"uk-panel\">\n\n                \n                \n                \n                                <div class=\"uk-grid uk-flex-middle\" uk-grid>\n                    <div class=\"uk-width-1-2@m \">\n                        <img src=\"https:\/\/grub-architekten.de\/wp-content\/uploads\/2019\/02\/UBZ-Geb\u00f1ude_aktuell_1-scaled.jpg\" class=\" uk-transition-scale-up uk-transition-opaque\" alt=\"UBZ Umwelt- und Servicebetrieb Zweibr\u00fccken\">                    <\/div>\n                    <div class=\"uk-width-1-2@m\">\n                \n                    \n                        \n                                                <h3 class=\"uk-h3 uk-margin-remove-top\">\n\n                                                            <a class=\"uk-link-reset\" href=\"https:\/\/grub-architekten.de\/?p=749\">UBZ Umwelt- und Servicebetrieb Zweibr\u00fccken<\/a>\n                            \n                            \n                        <\/h3>\n                        \n                        \n                        \n                                                <div class=\"uk-margin\"><!-- wp:paragraph -->\n<p><\/p>\n<!-- \/wp:paragraph -->\n\n<!-- wp:list -->\n<ul><li>Neubau des zentralen Verwaltungs- und Sozialgeb\u00e4udes des st\u00e4dtischen Umwelt- und Servicebetriebes<\/li><li>Fertigstellung 2002 \/ Erweiterung 2017<\/li><\/ul>\n<!-- \/wp:list -->\n\n<!-- wp:gallery {\"ids\":[1003,393,406]} -->\n<figure class=\"wp-block-gallery columns-3 is-cropped\"><ul class=\"blocks-gallery-grid\"><li class=\"blocks-gallery-item\"><figure><img loading=\"lazy\" width=\"1000\" height=\"600\" src=\"https:\/\/grub-architekten.de\/wp\/wp-content\/uploads\/2020\/01\/ebz-04.jpg\" alt=\"\" data-id=\"1003\" data-link=\"https:\/\/grub-architekten.de\/wp\/?attachment_id=1003\" class=\"wp-image-1003\" srcset=\"https:\/\/grub-architekten.de\/wp-content\/uploads\/2020\/01\/ebz-04.jpg 1000w, https:\/\/grub-architekten.de\/wp-content\/uploads\/2020\/01\/ebz-04-300x180.jpg 300w, https:\/\/grub-architekten.de\/wp-content\/uploads\/2020\/01\/ebz-04-768x461.jpg 768w\" sizes=\"(max-width: 1000px) 100vw, 1000px\" \/><\/figure><\/li><li class=\"blocks-gallery-item\"><figure><img loading=\"lazy\" width=\"999\" height=\"666\" src=\"https:\/\/grub-architekten.de\/wp\/wp-content\/uploads\/2018\/12\/EBZ01_2.jpg\" alt=\"\" data-id=\"393\" data-link=\"https:\/\/grub-architekten.de\/wp\/?attachment_id=393\" class=\"wp-image-393\" srcset=\"https:\/\/grub-architekten.de\/wp-content\/uploads\/2018\/12\/EBZ01_2.jpg 999w, https:\/\/grub-architekten.de\/wp-content\/uploads\/2018\/12\/EBZ01_2-300x200.jpg 300w, https:\/\/grub-architekten.de\/wp-content\/uploads\/2018\/12\/EBZ01_2-768x512.jpg 768w\" sizes=\"(max-width: 999px) 100vw, 999px\" \/><\/figure><\/li><li class=\"blocks-gallery-item\"><figure><img loading=\"lazy\" width=\"1000\" height=\"600\" src=\"https:\/\/grub-architekten.de\/wp\/wp-content\/uploads\/2018\/12\/ebz-02.png\" alt=\"\" data-id=\"406\" data-link=\"https:\/\/grub-architekten.de\/wp\/?attachment_id=406\" class=\"wp-image-406\" srcset=\"https:\/\/grub-architekten.de\/wp-content\/uploads\/2018\/12\/ebz-02.png 1000w, https:\/\/grub-architekten.de\/wp-content\/uploads\/2018\/12\/ebz-02-300x180.png 300w, https:\/\/grub-architekten.de\/wp-content\/uploads\/2018\/12\/ebz-02-768x461.png 768w\" sizes=\"(max-width: 1000px) 100vw, 1000px\" \/><\/figure><\/li><\/ul><\/figure>\n<!-- \/wp:gallery --><\/div>\n                        \n                        \n                        \n                    \n                                    <\/div>\n                <\/div>\n                \n            <\/div>\n        <\/div>\n\n    \n        <div >\n            <div class=\"uk-panel\">\n\n                \n                \n                \n                                <div class=\"uk-grid uk-flex-middle\" uk-grid>\n                    <div class=\"uk-width-1-2@m \">\n                        <img src=\"https:\/\/grub-architekten.de\/wp-content\/uploads\/2022\/03\/Fabianstiftstift_2-scaled.jpg\" class=\" uk-transition-scale-up uk-transition-opaque\" alt=\"St. Fabian Hornbach\">                    <\/div>\n                    <div class=\"uk-width-1-2@m\">\n                \n                    \n                        \n                                                <h3 class=\"uk-h3 uk-margin-remove-top\">\n\n                                                            <a class=\"uk-link-reset\" href=\"https:\/\/grub-architekten.de\/?p=757\">St. Fabian Hornbach<\/a>\n                            \n                            \n                        <\/h3>\n                        \n                        \n                        \n                                                <div class=\"uk-margin\"><!-- wp:list -->\n<ul><li>Teilrekonstruktion und Neugestaltung der denkmalgesch\u00fctzten romanischen Stiftskirche <\/li><li>Seit 1985 in verschiedenen Bauabschnitten inkl. Umfeldgestaltung 2016<\/li><\/ul>\n<!-- \/wp:list -->\n\n<!-- wp:gallery {\"ids\":[968,980,981],\"align\":\"center\"} -->\n<figure class=\"wp-block-gallery aligncenter columns-3 is-cropped\"><ul class=\"blocks-gallery-grid\"><li class=\"blocks-gallery-item\"><figure><img loading=\"lazy\" width=\"300\" height=\"180\" src=\"https:\/\/grub-architekten.de\/wp\/wp-content\/uploads\/2020\/01\/stF01-300x180.jpg\" alt=\"\" data-id=\"968\" class=\"wp-image-968\" srcset=\"https:\/\/grub-architekten.de\/wp-content\/uploads\/2020\/01\/stF01-300x180.jpg 300w, https:\/\/grub-architekten.de\/wp-content\/uploads\/2020\/01\/stF01-768x461.jpg 768w, https:\/\/grub-architekten.de\/wp-content\/uploads\/2020\/01\/stF01.jpg 1000w\" sizes=\"(max-width: 300px) 100vw, 300px\" \/><\/figure><\/li><li class=\"blocks-gallery-item\"><figure><img loading=\"lazy\" width=\"1024\" height=\"698\" src=\"https:\/\/grub-architekten.de\/wp\/wp-content\/uploads\/2020\/01\/StF-Zaun-1024x698.jpg\" alt=\"\" data-id=\"980\" data-link=\"https:\/\/grub-architekten.de\/wp\/?attachment_id=980\" class=\"wp-image-980\" srcset=\"https:\/\/grub-architekten.de\/wp-content\/uploads\/2020\/01\/StF-Zaun-1024x698.jpg 1024w, https:\/\/grub-architekten.de\/wp-content\/uploads\/2020\/01\/StF-Zaun-300x205.jpg 300w, https:\/\/grub-architekten.de\/wp-content\/uploads\/2020\/01\/StF-Zaun-768x524.jpg 768w, https:\/\/grub-architekten.de\/wp-content\/uploads\/2020\/01\/StF-Zaun.jpg 1751w\" sizes=\"(max-width: 1024px) 100vw, 1024px\" \/><\/figure><\/li><li class=\"blocks-gallery-item\"><figure><img loading=\"lazy\" width=\"380\" height=\"238\" src=\"https:\/\/grub-architekten.de\/wp\/wp-content\/uploads\/2020\/01\/StF-Zaun-02.jpg\" alt=\"\" data-id=\"981\" data-link=\"https:\/\/grub-architekten.de\/wp\/?attachment_id=981\" class=\"wp-image-981\" srcset=\"https:\/\/grub-architekten.de\/wp-content\/uploads\/2020\/01\/StF-Zaun-02.jpg 380w, https:\/\/grub-architekten.de\/wp-content\/uploads\/2020\/01\/StF-Zaun-02-300x188.jpg 300w\" sizes=\"(max-width: 380px) 100vw, 380px\" \/><\/figure><\/li><\/ul><\/figure>\n<!-- \/wp:gallery --><\/div>\n                        \n                        \n                        \n                    \n                                    <\/div>\n                <\/div>\n                \n            <\/div>\n        <\/div>\n\n    \n        <div >\n            <div class=\"uk-panel\">\n\n                \n                \n                \n                                <div class=\"uk-grid uk-flex-middle\" uk-grid>\n                    <div class=\"uk-width-1-2@m \">\n                        <img src=\"https:\/\/grub-architekten.de\/wp-content\/uploads\/2018\/12\/geilweilerhof03_1000x600.jpg\" class=\" uk-transition-scale-up uk-transition-opaque\" alt=\"Julius-K\u00fchn-Institut, Geilweilerhof, Siebeldingen\">                    <\/div>\n                    <div class=\"uk-width-1-2@m\">\n                \n                    \n                        \n                                                <h3 class=\"uk-h3 uk-margin-remove-top\">\n\n                                                            <a class=\"uk-link-reset\" href=\"https:\/\/grub-architekten.de\/?p=755\">Julius-K\u00fchn-Institut, Geilweilerhof, Siebeldingen<\/a>\n                            \n                            \n                        <\/h3>\n                        \n                        \n                        \n                                                <div class=\"uk-margin\"><!-- wp:paragraph -->\n<p><\/p>\n<!-- \/wp:paragraph -->\n\n<!-- wp:list -->\n<ul><li>Neubau eines Laborgeb\u00e4udes f\u00fcr Rebenzucht inkl. Gew\u00e4chshaus mit 16 einzelklimatisierten Gew\u00e4chshauszellen (Bundesbauprojekt)<\/li><li>Fertigstellung 2015<\/li><\/ul>\n<!-- \/wp:list -->\n\n<!-- wp:group -->\n<div class=\"wp-block-group\"><div class=\"wp-block-group__inner-container\"><\/div><\/div>\n<!-- \/wp:group -->\n\n<!-- wp:gallery {\"ids\":[1251,1252,1020]} -->\n<figure class=\"wp-block-gallery columns-3 is-cropped\"><ul class=\"blocks-gallery-grid\"><li class=\"blocks-gallery-item\"><figure><img loading=\"lazy\" width=\"1024\" height=\"768\" src=\"https:\/\/grub-architekten.de\/wp\/wp-content\/uploads\/2019\/02\/JKI-Siebeldingen-GewN\u0303chshaus-dc59348e-1024x768.jpeg\" alt=\"\" data-id=\"1251\" data-full-url=\"https:\/\/grub-architekten.de\/wp\/wp-content\/uploads\/2019\/02\/JKI-Siebeldingen-GewN\u0303chshaus-dc59348e.jpeg\" data-link=\"https:\/\/grub-architekten.de\/wp\/?attachment_id=1251\" class=\"wp-image-1251\" srcset=\"https:\/\/grub-architekten.de\/wp-content\/uploads\/2019\/02\/JKI-Siebeldingen-GewN\u0303chshaus-dc59348e-1024x768.jpeg 1024w, https:\/\/grub-architekten.de\/wp-content\/uploads\/2019\/02\/JKI-Siebeldingen-GewN\u0303chshaus-dc59348e-300x225.jpeg 300w, https:\/\/grub-architekten.de\/wp-content\/uploads\/2019\/02\/JKI-Siebeldingen-GewN\u0303chshaus-dc59348e-768x576.jpeg 768w, https:\/\/grub-architekten.de\/wp-content\/uploads\/2019\/02\/JKI-Siebeldingen-GewN\u0303chshaus-dc59348e-1536x1152.jpeg 1536w, https:\/\/grub-architekten.de\/wp-content\/uploads\/2019\/02\/JKI-Siebeldingen-GewN\u0303chshaus-dc59348e.jpeg 1920w\" sizes=\"(max-width: 1024px) 100vw, 1024px\" \/><\/figure><\/li><li class=\"blocks-gallery-item\"><figure><img loading=\"lazy\" width=\"1000\" height=\"600\" src=\"https:\/\/grub-architekten.de\/wp\/wp-content\/uploads\/2019\/02\/geilweilerhof01_1000x600.jpg\" alt=\"\" data-id=\"1252\" data-full-url=\"https:\/\/grub-architekten.de\/wp\/wp-content\/uploads\/2019\/02\/geilweilerhof01_1000x600.jpg\" data-link=\"https:\/\/grub-architekten.de\/wp\/?attachment_id=1252\" class=\"wp-image-1252\" srcset=\"https:\/\/grub-architekten.de\/wp-content\/uploads\/2019\/02\/geilweilerhof01_1000x600.jpg 1000w, https:\/\/grub-architekten.de\/wp-content\/uploads\/2019\/02\/geilweilerhof01_1000x600-300x180.jpg 300w, https:\/\/grub-architekten.de\/wp-content\/uploads\/2019\/02\/geilweilerhof01_1000x600-768x461.jpg 768w\" sizes=\"(max-width: 1000px) 100vw, 1000px\" \/><\/figure><\/li><li class=\"blocks-gallery-item\"><figure><img loading=\"lazy\" width=\"1024\" height=\"768\" src=\"https:\/\/grub-architekten.de\/wp\/wp-content\/uploads\/2020\/01\/G.wlrhof_575_24.05.11-1024x768.jpg\" alt=\"\" data-id=\"1020\" data-full-url=\"https:\/\/grub-architekten.de\/wp\/wp-content\/uploads\/2020\/01\/G.wlrhof_575_24.05.11.jpg\" data-link=\"https:\/\/grub-architekten.de\/wp\/?attachment_id=1020\" class=\"wp-image-1020\" srcset=\"https:\/\/grub-architekten.de\/wp-content\/uploads\/2020\/01\/G.wlrhof_575_24.05.11-1024x768.jpg 1024w, https:\/\/grub-architekten.de\/wp-content\/uploads\/2020\/01\/G.wlrhof_575_24.05.11-300x225.jpg 300w, https:\/\/grub-architekten.de\/wp-content\/uploads\/2020\/01\/G.wlrhof_575_24.05.11-768x576.jpg 768w\" sizes=\"(max-width: 1024px) 100vw, 1024px\" \/><\/figure><\/li><\/ul><\/figure>\n<!-- \/wp:gallery -->\n\n<!-- wp:paragraph -->\n<p><\/p>\n<!-- \/wp:paragraph --><\/div>\n                        \n                        \n                        \n                    \n                                    <\/div>\n                <\/div>\n                \n            <\/div>\n        <\/div>\n\n    \n        <div >\n            <div class=\"uk-panel\">\n\n                \n                \n                \n                                <div class=\"uk-grid uk-flex-middle\" uk-grid>\n                    <div class=\"uk-width-1-2@m \">\n                        <img src=\"https:\/\/grub-architekten.de\/wp-content\/uploads\/2019\/03\/Green-Hill_Luxemburg_neu-scaled.jpg\" class=\" uk-transition-scale-up uk-transition-opaque\" alt=\"B6 Greenhill Luxemburg\">                    <\/div>\n                    <div class=\"uk-width-1-2@m\">\n                \n                    \n                        \n                                                <h3 class=\"uk-h3 uk-margin-remove-top\">\n\n                                                            <a class=\"uk-link-reset\" href=\"https:\/\/grub-architekten.de\/?p=826\">B6 Greenhill Luxemburg<\/a>\n                            \n                            \n                        <\/h3>\n                        \n                        \n                        \n                                                <div class=\"uk-margin\"><!-- wp:paragraph -->\n<p><\/p>\n<!-- \/wp:paragraph -->\n\n<!-- wp:list -->\n<ul><li>Geb\u00e4ude B6 mit 32 Wohnungen als Teil der Wohnanlage \u201eGreenhill\u201c<\/li><li>In Zusammenarbeit mit CBA, Luxembourg<\/li><li>Fertigstellung 2012<\/li><\/ul>\n<!-- \/wp:list -->\n\n<!-- wp:gallery {\"ids\":[604,1007]} -->\n<figure class=\"wp-block-gallery columns-2 is-cropped\"><ul class=\"blocks-gallery-grid\"><li class=\"blocks-gallery-item\"><figure><img loading=\"lazy\" width=\"1024\" height=\"678\" src=\"https:\/\/grub-architekten.de\/wp\/wp-content\/uploads\/2019\/01\/DSC_0590-1024x678.jpg\" alt=\"\" data-id=\"604\" data-link=\"https:\/\/grub-architekten.de\/wp\/?attachment_id=604\" class=\"wp-image-604\" srcset=\"https:\/\/grub-architekten.de\/wp-content\/uploads\/2019\/01\/DSC_0590-1024x678.jpg 1024w, https:\/\/grub-architekten.de\/wp-content\/uploads\/2019\/01\/DSC_0590-300x199.jpg 300w, https:\/\/grub-architekten.de\/wp-content\/uploads\/2019\/01\/DSC_0590-768x509.jpg 768w\" sizes=\"(max-width: 1024px) 100vw, 1024px\" \/><\/figure><\/li><li class=\"blocks-gallery-item\"><figure><img loading=\"lazy\" width=\"1024\" height=\"662\" src=\"https:\/\/grub-architekten.de\/wp\/wp-content\/uploads\/2019\/03\/DSC_0576_2-1024x662.jpg\" alt=\"\" data-id=\"1007\" data-link=\"https:\/\/grub-architekten.de\/wp\/?attachment_id=1007\" class=\"wp-image-1007\" srcset=\"https:\/\/grub-architekten.de\/wp-content\/uploads\/2019\/03\/DSC_0576_2-1024x662.jpg 1024w, https:\/\/grub-architekten.de\/wp-content\/uploads\/2019\/03\/DSC_0576_2-300x194.jpg 300w, https:\/\/grub-architekten.de\/wp-content\/uploads\/2019\/03\/DSC_0576_2-768x497.jpg 768w\" sizes=\"(max-width: 1024px) 100vw, 1024px\" \/><\/figure><\/li><\/ul><\/figure>\n<!-- \/wp:gallery --><\/div>\n                        \n                        \n                        \n                    \n                                    <\/div>\n                <\/div>\n                \n            <\/div>\n        <\/div>\n\n    \n        <div >\n            <div class=\"uk-panel\">\n\n                \n                \n                \n                                <div class=\"uk-grid uk-flex-middle\" uk-grid>\n                    <div class=\"uk-width-1-2@m \">\n                        <img src=\"https:\/\/grub-architekten.de\/wp-content\/uploads\/2022\/03\/Bertrange_Luxemburg_neu-scaled.jpg\" class=\" uk-transition-scale-up uk-transition-opaque\" alt=\"Les Terrasses Du Parc Helfent Luxemburg\">                    <\/div>\n                    <div class=\"uk-width-1-2@m\">\n                \n                    \n                        \n                                                <h3 class=\"uk-h3 uk-margin-remove-top\">\n\n                                                            <a class=\"uk-link-reset\" href=\"https:\/\/grub-architekten.de\/?p=1154\">Les Terrasses Du Parc Helfent Luxemburg<\/a>\n                            \n                            \n                        <\/h3>\n                        \n                        \n                        \n                                                <div class=\"uk-margin\"><!-- wp:list -->\n<ul><li>Ausf\u00fchrungsplanung und Ausschreibungen der Wohnanlage \u201eLes Terrasses Du Parc Helfent\u201c<\/li><li>In Zusammenarbeit mit CBA, Luxembourg<\/li><li>Fertigstellung 2013<\/li><\/ul>\n<!-- \/wp:list --><\/div>\n                        \n                        \n                        \n                    \n                                    <\/div>\n                <\/div>\n                \n            <\/div>\n        <\/div>\n\n    \n        <div >\n            <div class=\"uk-panel\">\n\n                \n                \n                \n                                <div class=\"uk-grid uk-flex-middle\" uk-grid>\n                    <div class=\"uk-width-1-2@m \">\n                        <img src=\"https:\/\/grub-architekten.de\/wp-content\/uploads\/2019\/01\/2008_1105evkkgustl0004.jpg\" class=\" uk-transition-scale-up uk-transition-opaque\" alt=\"Festhalle Zweibr\u00fccken\">                    <\/div>\n                    <div class=\"uk-width-1-2@m\">\n                \n                    \n                        \n                                                <h3 class=\"uk-h3 uk-margin-remove-top\">\n\n                                                            <a class=\"uk-link-reset\" href=\"https:\/\/grub-architekten.de\/?p=719\">Festhalle Zweibr\u00fccken<\/a>\n                            \n                            \n                        <\/h3>\n                        \n                        \n                        \n                                                <div class=\"uk-margin\"><!-- wp:paragraph -->\n<p><\/p>\n<!-- \/wp:paragraph -->\n\n<!-- wp:list -->\n<ul><li>Umbau, Neustrukturierung und Generalsanierung der denkmalgesch\u00fctzten Festhalle als multifunktionales Veranstaltungszentrum<\/li><li>Fertigstellung Fr\u00fchjahr 2008<\/li><\/ul>\n<!-- \/wp:list -->\n\n<!-- wp:gallery {\"ids\":[1014,621,991]} -->\n<figure class=\"wp-block-gallery columns-3 is-cropped\"><ul class=\"blocks-gallery-grid\"><li class=\"blocks-gallery-item\"><figure><img loading=\"lazy\" width=\"1024\" height=\"740\" src=\"https:\/\/grub-architekten.de\/wp\/wp-content\/uploads\/2019\/02\/IMG_0016_2-1-1024x740.jpg\" alt=\"\" data-id=\"1014\" data-link=\"https:\/\/grub-architekten.de\/wp\/?attachment_id=1014\" class=\"wp-image-1014\" srcset=\"https:\/\/grub-architekten.de\/wp-content\/uploads\/2019\/02\/IMG_0016_2-1-1024x740.jpg 1024w, https:\/\/grub-architekten.de\/wp-content\/uploads\/2019\/02\/IMG_0016_2-1-300x217.jpg 300w, https:\/\/grub-architekten.de\/wp-content\/uploads\/2019\/02\/IMG_0016_2-1-768x555.jpg 768w, https:\/\/grub-architekten.de\/wp-content\/uploads\/2019\/02\/IMG_0016_2-1.jpg 1128w\" sizes=\"(max-width: 1024px) 100vw, 1024px\" \/><\/figure><\/li><li class=\"blocks-gallery-item\"><figure><img loading=\"lazy\" width=\"1024\" height=\"685\" src=\"https:\/\/grub-architekten.de\/wp\/wp-content\/uploads\/2019\/01\/2008_1105evkkgustl0037-1024x685.jpg\" alt=\"\" data-id=\"621\" data-link=\"https:\/\/grub-architekten.de\/wp\/?attachment_id=621\" class=\"wp-image-621\" srcset=\"https:\/\/grub-architekten.de\/wp-content\/uploads\/2019\/01\/2008_1105evkkgustl0037-1024x685.jpg 1024w, https:\/\/grub-architekten.de\/wp-content\/uploads\/2019\/01\/2008_1105evkkgustl0037-300x201.jpg 300w, https:\/\/grub-architekten.de\/wp-content\/uploads\/2019\/01\/2008_1105evkkgustl0037-768x514.jpg 768w\" sizes=\"(max-width: 1024px) 100vw, 1024px\" \/><\/figure><\/li><li class=\"blocks-gallery-item\"><figure><img loading=\"lazy\" width=\"1000\" height=\"600\" src=\"https:\/\/grub-architekten.de\/wp\/wp-content\/uploads\/2020\/01\/festhalle-04_foto-J\u00f6rg-Jacobi.png\" alt=\"\" data-id=\"991\" data-link=\"https:\/\/grub-architekten.de\/wp\/?attachment_id=991\" class=\"wp-image-991\" srcset=\"https:\/\/grub-architekten.de\/wp-content\/uploads\/2020\/01\/festhalle-04_foto-J\u00f6rg-Jacobi.png 1000w, https:\/\/grub-architekten.de\/wp-content\/uploads\/2020\/01\/festhalle-04_foto-J\u00f6rg-Jacobi-300x180.png 300w, https:\/\/grub-architekten.de\/wp-content\/uploads\/2020\/01\/festhalle-04_foto-J\u00f6rg-Jacobi-768x461.png 768w\" sizes=\"(max-width: 1000px) 100vw, 1000px\" \/><\/figure><\/li><\/ul><\/figure>\n<!-- \/wp:gallery --><\/div>\n                        \n                        \n                        \n                    \n                                    <\/div>\n                <\/div>\n                \n            <\/div>\n        <\/div>\n\n    \n        <div >\n            <div class=\"uk-panel\">\n\n                \n                \n                \n                                <div class=\"uk-grid uk-flex-middle\" uk-grid>\n                    <div class=\"uk-width-1-2@m \">\n                        <img src=\"https:\/\/grub-architekten.de\/wp-content\/uploads\/2019\/01\/ssp_0710_05.jpg\" class=\" uk-transition-scale-up uk-transition-opaque\" alt=\"Sparkasse S\u00fcdwestpfalz Pirmasens\">                    <\/div>\n                    <div class=\"uk-width-1-2@m\">\n                \n                    \n                        \n                                                <h3 class=\"uk-h3 uk-margin-remove-top\">\n\n                                                            <a class=\"uk-link-reset\" href=\"https:\/\/grub-architekten.de\/?p=828\">Sparkasse S\u00fcdwestpfalz Pirmasens<\/a>\n                            \n                            \n                        <\/h3>\n                        \n                        \n                        \n                                                <div class=\"uk-margin\"><!-- wp:list -->\n<ul><li>Generalsanierung, Umbau, Neustrukturierung und Erweiterung der bestehenden Hauptstelle inkl. Parkhaus mit 200 Stellpl\u00e4tzen<\/li><li>Fertigstellung 2007<\/li><\/ul>\n<!-- \/wp:list -->\n\n<!-- wp:paragraph -->\n<p><\/p>\n<!-- \/wp:paragraph -->\n\n<!-- wp:gallery {\"ids\":[405,402,403]} -->\n<figure class=\"wp-block-gallery columns-3 is-cropped\"><ul class=\"blocks-gallery-grid\"><li class=\"blocks-gallery-item\"><figure><img loading=\"lazy\" width=\"1000\" height=\"600\" src=\"https:\/\/grub-architekten.de\/wp\/wp-content\/uploads\/2018\/12\/spk-swp-01_Foto-Schilling.jpg\" alt=\"\" data-id=\"405\" data-link=\"https:\/\/grub-architekten.de\/wp\/?attachment_id=405\" class=\"wp-image-405\" srcset=\"https:\/\/grub-architekten.de\/wp-content\/uploads\/2018\/12\/spk-swp-01_Foto-Schilling.jpg 1000w, https:\/\/grub-architekten.de\/wp-content\/uploads\/2018\/12\/spk-swp-01_Foto-Schilling-300x180.jpg 300w, https:\/\/grub-architekten.de\/wp-content\/uploads\/2018\/12\/spk-swp-01_Foto-Schilling-768x461.jpg 768w\" sizes=\"(max-width: 1000px) 100vw, 1000px\" \/><\/figure><\/li><li class=\"blocks-gallery-item\"><figure><img loading=\"lazy\" width=\"1000\" height=\"600\" src=\"https:\/\/grub-architekten.de\/wp\/wp-content\/uploads\/2018\/12\/spk-swp-04_Foto-Schilling.jpg\" alt=\"\" data-id=\"402\" data-link=\"https:\/\/grub-architekten.de\/wp\/?attachment_id=402\" class=\"wp-image-402\" srcset=\"https:\/\/grub-architekten.de\/wp-content\/uploads\/2018\/12\/spk-swp-04_Foto-Schilling.jpg 1000w, https:\/\/grub-architekten.de\/wp-content\/uploads\/2018\/12\/spk-swp-04_Foto-Schilling-300x180.jpg 300w, https:\/\/grub-architekten.de\/wp-content\/uploads\/2018\/12\/spk-swp-04_Foto-Schilling-768x461.jpg 768w\" sizes=\"(max-width: 1000px) 100vw, 1000px\" \/><\/figure><\/li><li class=\"blocks-gallery-item\"><figure><img loading=\"lazy\" width=\"1000\" height=\"600\" src=\"https:\/\/grub-architekten.de\/wp\/wp-content\/uploads\/2018\/12\/spk-swp-03_Foto-Schilling.jpg\" alt=\"\" data-id=\"403\" data-link=\"https:\/\/grub-architekten.de\/wp\/?attachment_id=403\" class=\"wp-image-403\" srcset=\"https:\/\/grub-architekten.de\/wp-content\/uploads\/2018\/12\/spk-swp-03_Foto-Schilling.jpg 1000w, https:\/\/grub-architekten.de\/wp-content\/uploads\/2018\/12\/spk-swp-03_Foto-Schilling-300x180.jpg 300w, https:\/\/grub-architekten.de\/wp-content\/uploads\/2018\/12\/spk-swp-03_Foto-Schilling-768x461.jpg 768w\" sizes=\"(max-width: 1000px) 100vw, 1000px\" \/><\/figure><\/li><\/ul><\/figure>\n<!-- \/wp:gallery -->\n\n<!-- wp:paragraph -->\n<p><\/p>\n<!-- \/wp:paragraph --><\/div>\n                        \n                        \n                        \n                    \n                                    <\/div>\n                <\/div>\n                \n            <\/div>\n        <\/div>\n\n    \n        <div >\n            <div class=\"uk-panel\">\n\n                \n                \n                \n                                <div class=\"uk-grid uk-flex-middle\" uk-grid>\n                    <div class=\"uk-width-1-2@m \">\n                        <img src=\"https:\/\/grub-architekten.de\/wp-content\/uploads\/2019\/01\/IMG_0011.jpg\" class=\" uk-transition-scale-up uk-transition-opaque\" alt=\"Rosengarten Zweibr\u00fccken\">                    <\/div>\n                    <div class=\"uk-width-1-2@m\">\n                \n                    \n                        \n                                                <h3 class=\"uk-h3 uk-margin-remove-top\">\n\n                                                            <a class=\"uk-link-reset\" href=\"https:\/\/grub-architekten.de\/?p=751\">Rosengarten Zweibr\u00fccken<\/a>\n                            \n                            \n                        <\/h3>\n                        \n                        \n                        \n                                                <div class=\"uk-margin\"><!-- wp:paragraph -->\n<p><\/p>\n<!-- \/wp:paragraph -->\n\n<!-- wp:list -->\n<ul><li>Neugestaltung des Eingangsbereiches zur \u00f6ffentlichen Parkanlage inkl. Sanit\u00e4rgeb\u00e4ude<\/li><li>Fertigstellung 2008<\/li><\/ul>\n<!-- \/wp:list -->\n\n<!-- wp:gallery {\"ids\":[631,627,629]} -->\n<figure class=\"wp-block-gallery columns-3 is-cropped\"><ul class=\"blocks-gallery-grid\"><li class=\"blocks-gallery-item\"><figure><img loading=\"lazy\" width=\"1024\" height=\"680\" src=\"https:\/\/grub-architekten.de\/wp\/wp-content\/uploads\/2019\/01\/IMG_0008-1024x680.jpg\" alt=\"\" data-id=\"631\" data-link=\"https:\/\/grub-architekten.de\/wp\/?attachment_id=631\" class=\"wp-image-631\" srcset=\"https:\/\/grub-architekten.de\/wp-content\/uploads\/2019\/01\/IMG_0008-1024x680.jpg 1024w, https:\/\/grub-architekten.de\/wp-content\/uploads\/2019\/01\/IMG_0008-300x199.jpg 300w, https:\/\/grub-architekten.de\/wp-content\/uploads\/2019\/01\/IMG_0008-768x510.jpg 768w, https:\/\/grub-architekten.de\/wp-content\/uploads\/2019\/01\/IMG_0008.jpg 2048w\" sizes=\"(max-width: 1024px) 100vw, 1024px\" \/><\/figure><\/li><li class=\"blocks-gallery-item\"><figure><img loading=\"lazy\" width=\"1024\" height=\"735\" src=\"https:\/\/grub-architekten.de\/wp\/wp-content\/uploads\/2019\/01\/bild01-1024x735.jpg\" alt=\"\" data-id=\"627\" data-link=\"https:\/\/grub-architekten.de\/wp\/?attachment_id=627\" class=\"wp-image-627\" srcset=\"https:\/\/grub-architekten.de\/wp-content\/uploads\/2019\/01\/bild01-1024x735.jpg 1024w, https:\/\/grub-architekten.de\/wp-content\/uploads\/2019\/01\/bild01-300x215.jpg 300w, https:\/\/grub-architekten.de\/wp-content\/uploads\/2019\/01\/bild01-768x551.jpg 768w, https:\/\/grub-architekten.de\/wp-content\/uploads\/2019\/01\/bild01.jpg 1522w\" sizes=\"(max-width: 1024px) 100vw, 1024px\" \/><\/figure><\/li><li class=\"blocks-gallery-item\"><figure><img loading=\"lazy\" width=\"1024\" height=\"768\" src=\"https:\/\/grub-architekten.de\/wp\/wp-content\/uploads\/2019\/01\/DSC00085-1024x768.jpg\" alt=\"\" data-id=\"629\" data-link=\"https:\/\/grub-architekten.de\/wp\/?attachment_id=629\" class=\"wp-image-629\" srcset=\"https:\/\/grub-architekten.de\/wp-content\/uploads\/2019\/01\/DSC00085-1024x768.jpg 1024w, https:\/\/grub-architekten.de\/wp-content\/uploads\/2019\/01\/DSC00085-300x225.jpg 300w, https:\/\/grub-architekten.de\/wp-content\/uploads\/2019\/01\/DSC00085-768x576.jpg 768w\" sizes=\"(max-width: 1024px) 100vw, 1024px\" \/><\/figure><\/li><\/ul><\/figure>\n<!-- \/wp:gallery --><\/div>\n                        \n                        \n                        \n                    \n                                    <\/div>\n                <\/div>\n                \n            <\/div>\n        <\/div>\n\n    \n        <div >\n            <div class=\"uk-panel\">\n\n                \n                \n                \n                                <div class=\"uk-grid uk-flex-middle\" uk-grid>\n                    <div class=\"uk-width-1-2@m \">\n                        <img src=\"https:\/\/grub-architekten.de\/wp-content\/uploads\/2019\/02\/Rathaus-Zweibrcken_3-scaled.jpg\" class=\" uk-transition-scale-up uk-transition-opaque\" alt=\"Rathaus Zweibr\u00fccken\">                    <\/div>\n                    <div class=\"uk-width-1-2@m\">\n                \n                    \n                        \n                                                <h3 class=\"uk-h3 uk-margin-remove-top\">\n\n                                                            <a class=\"uk-link-reset\" href=\"https:\/\/grub-architekten.de\/?p=753\">Rathaus Zweibr\u00fccken<\/a>\n                            \n                            \n                        <\/h3>\n                        \n                        \n                        \n                                                <div class=\"uk-margin\"><!-- wp:paragraph -->\n<p><\/p>\n<!-- \/wp:paragraph -->\n\n<!-- wp:list -->\n<ul><li>Umbau, Erweiterung und Generalsanierung des denkmalgesch\u00fctzten Rathauses<\/li><li>Fertigstellung 2002<\/li><\/ul>\n<!-- \/wp:list -->\n\n<!-- wp:gallery {\"linkTo\":\"none\"} -->\n<figure class=\"wp-block-gallery has-nested-images columns-default is-cropped\"><!-- wp:image {\"id\":1403,\"sizeSlug\":\"large\",\"linkDestination\":\"none\"} -->\n<figure class=\"wp-block-image size-large\"><img loading=\"lazy\" width=\"1920\" height=\"1080\" src=\"https:\/\/grub-architekten.de\/wp-content\/uploads\/2022\/03\/SIMG0040.webp\" alt=\"\" class=\"wp-image-1403\" srcset=\"https:\/\/grub-architekten.de\/wp-content\/uploads\/2022\/03\/SIMG0040.webp 1920w, https:\/\/grub-architekten.de\/wp-content\/uploads\/2022\/03\/SIMG0040-300x169.webp 300w, https:\/\/grub-architekten.de\/wp-content\/uploads\/2022\/03\/SIMG0040-1024x576.webp 1024w, https:\/\/grub-architekten.de\/wp-content\/uploads\/2022\/03\/SIMG0040-768x432.webp 768w, https:\/\/grub-architekten.de\/wp-content\/uploads\/2022\/03\/SIMG0040-1536x864.webp 1536w\" sizes=\"(max-width: 1920px) 100vw, 1920px\" \/><\/figure>\n<!-- \/wp:image -->\n\n<!-- wp:image {\"id\":1400,\"sizeSlug\":\"large\",\"linkDestination\":\"none\"} -->\n<figure class=\"wp-block-image size-large\"><img loading=\"lazy\" width=\"1920\" height=\"1080\" src=\"https:\/\/grub-architekten.de\/wp-content\/uploads\/2022\/03\/rathaus-herzogplatz.webp\" alt=\"\" class=\"wp-image-1400\" srcset=\"https:\/\/grub-architekten.de\/wp-content\/uploads\/2022\/03\/rathaus-herzogplatz.webp 1920w, https:\/\/grub-architekten.de\/wp-content\/uploads\/2022\/03\/rathaus-herzogplatz-300x169.webp 300w, https:\/\/grub-architekten.de\/wp-content\/uploads\/2022\/03\/rathaus-herzogplatz-1024x576.webp 1024w, https:\/\/grub-architekten.de\/wp-content\/uploads\/2022\/03\/rathaus-herzogplatz-768x432.webp 768w, https:\/\/grub-architekten.de\/wp-content\/uploads\/2022\/03\/rathaus-herzogplatz-1536x864.webp 1536w\" sizes=\"(max-width: 1920px) 100vw, 1920px\" \/><\/figure>\n<!-- \/wp:image -->\n\n<!-- wp:image {\"id\":1401,\"sizeSlug\":\"large\",\"linkDestination\":\"none\"} -->\n<figure class=\"wp-block-image size-large\"><img loading=\"lazy\" width=\"1920\" height=\"1080\" src=\"https:\/\/grub-architekten.de\/wp-content\/uploads\/2022\/03\/Rathaussaal_1.webp\" alt=\"\" class=\"wp-image-1401\" srcset=\"https:\/\/grub-architekten.de\/wp-content\/uploads\/2022\/03\/Rathaussaal_1.webp 1920w, https:\/\/grub-architekten.de\/wp-content\/uploads\/2022\/03\/Rathaussaal_1-300x169.webp 300w, https:\/\/grub-architekten.de\/wp-content\/uploads\/2022\/03\/Rathaussaal_1-1024x576.webp 1024w, https:\/\/grub-architekten.de\/wp-content\/uploads\/2022\/03\/Rathaussaal_1-768x432.webp 768w, https:\/\/grub-architekten.de\/wp-content\/uploads\/2022\/03\/Rathaussaal_1-1536x864.webp 1536w\" sizes=\"(max-width: 1920px) 100vw, 1920px\" \/><\/figure>\n<!-- \/wp:image --><\/figure>\n<!-- \/wp:gallery --><\/div>\n                        \n                        \n                        \n                    \n                                    <\/div>\n                <\/div>\n                \n            <\/div>\n        <\/div>\n\n    \n        <div >\n            <div class=\"uk-panel\">\n\n                \n                \n                \n                                <div class=\"uk-grid uk-flex-middle\" uk-grid>\n                    <div class=\"uk-width-1-2@m \">\n                        <img src=\"https:\/\/grub-architekten.de\/wp-content\/uploads\/2022\/03\/Kita_Ernstweiler_04.webp\" class=\" uk-transition-scale-up uk-transition-opaque\" alt=\"Kindertagesst\u00e4tten (Auszug)\">                    <\/div>\n                    <div class=\"uk-width-1-2@m\">\n                \n                    \n                        \n                                                <h3 class=\"uk-h3 uk-margin-remove-top\">\n\n                                                            <a class=\"uk-link-reset\" href=\"https:\/\/grub-architekten.de\/?p=1162\">Kindertagesst\u00e4tten (Auszug)<\/a>\n                            \n                            \n                        <\/h3>\n                        \n                        \n                        \n                                                <div class=\"uk-margin\"><!-- wp:list -->\n<ul><li>Kita und Gemeindezentrum Kr\u00f6ppen<\/li><li>Kita Herschweiler-Pettersheim<\/li><li>Kita Battweiler (Machbarkeitsstudie)<\/li><li>Kita Meisenstra\u00dfe, Zweibr\u00fccken (Hochwassersanierung)<\/li><li>Kita Louise-Scheppler, St. Ingbert<\/li><li>Kita Schatzkiste, Zweibr\u00fccken<\/li><li>Kita Papperlapapp, Zweibr\u00fccken<\/li><li>Integrative Kita Heiligentalstra\u00dfe, Zweibr\u00fccken<\/li><li>Kita Heilig Kreuz, Zweibr\u00fccken<\/li><li>Kita Rimschweiler<\/li><li>Kita Pusteblume Oberauerbach<\/li><li>Kita Wallstra\u00dfe Zweibr\u00fccken<\/li><li>Kita Bottenbach<\/li><li>Kita Mimbach<\/li><li>Kita Weizenkorn, Winterbach<\/li><li>Kita Webenheim<\/li><li>Kita Christuskirche, St. Ingbert<\/li><\/ul>\n<!-- \/wp:list -->\n\n<!-- wp:group -->\n<div class=\"wp-block-group\"><!-- wp:group -->\n<div class=\"wp-block-group\"><!-- wp:columns -->\n<div class=\"wp-block-columns\"><!-- wp:column {\"width\":\"100%\"} -->\n<div class=\"wp-block-column\" style=\"flex-basis:100%\"><!-- wp:gallery {\"columns\":2,\"linkTo\":\"none\"} -->\n<figure class=\"wp-block-gallery has-nested-images columns-2 is-cropped\"><!-- wp:image {\"id\":1479,\"sizeSlug\":\"large\",\"linkDestination\":\"none\",\"className\":\"is-style-default\"} -->\n<figure class=\"wp-block-image size-large is-style-default\"><img loading=\"lazy\" width=\"300\" height=\"200\" src=\"https:\/\/grub-architekten.de\/wp-content\/uploads\/2022\/03\/Kita_Mimbach_2-300x200.webp\" alt=\"\" class=\"wp-image-1479\" srcset=\"https:\/\/grub-architekten.de\/wp-content\/uploads\/2022\/03\/Kita_Mimbach_2-300x200.webp 300w, https:\/\/grub-architekten.de\/wp-content\/uploads\/2022\/03\/Kita_Mimbach_2-1024x683.webp 1024w, https:\/\/grub-architekten.de\/wp-content\/uploads\/2022\/03\/Kita_Mimbach_2-768x512.webp 768w, https:\/\/grub-architekten.de\/wp-content\/uploads\/2022\/03\/Kita_Mimbach_2-1536x1024.webp 1536w, https:\/\/grub-architekten.de\/wp-content\/uploads\/2022\/03\/Kita_Mimbach_2.webp 1920w\" sizes=\"(max-width: 300px) 100vw, 300px\" \/><\/figure>\n<!-- \/wp:image -->\n\n<!-- wp:image {\"id\":1480,\"sizeSlug\":\"large\",\"linkDestination\":\"none\"} -->\n<figure class=\"wp-block-image size-large\"><img loading=\"lazy\" width=\"1024\" height=\"683\" src=\"https:\/\/grub-architekten.de\/wp-content\/uploads\/2022\/08\/Kita_Ernstweiler_03-1024x683.webp\" alt=\"\" class=\"wp-image-1480\" srcset=\"https:\/\/grub-architekten.de\/wp-content\/uploads\/2022\/08\/Kita_Ernstweiler_03-1024x683.webp 1024w, https:\/\/grub-architekten.de\/wp-content\/uploads\/2022\/08\/Kita_Ernstweiler_03-300x200.webp 300w, https:\/\/grub-architekten.de\/wp-content\/uploads\/2022\/08\/Kita_Ernstweiler_03-768x512.webp 768w, https:\/\/grub-architekten.de\/wp-content\/uploads\/2022\/08\/Kita_Ernstweiler_03-1536x1024.webp 1536w, https:\/\/grub-architekten.de\/wp-content\/uploads\/2022\/08\/Kita_Ernstweiler_03.webp 1920w\" sizes=\"(max-width: 1024px) 100vw, 1024px\" \/><\/figure>\n<!-- \/wp:image --><\/figure>\n<!-- \/wp:gallery --><\/div>\n<!-- \/wp:column --><\/div>\n<!-- \/wp:columns --><\/div>\n<!-- \/wp:group --><\/div>\n<!-- \/wp:group -->\n\n<!-- wp:paragraph -->\n<p><\/p>\n<!-- \/wp:paragraph --><\/div>\n                        \n                        \n                        \n                    \n                                    <\/div>\n                <\/div>\n                \n            <\/div>\n        <\/div>\n\n    \n        <div >\n            <div class=\"uk-panel\">\n\n                \n                \n                \n                                <div class=\"uk-grid uk-flex-middle\" uk-grid>\n                    <div class=\"uk-width-1-2@m \">\n                        <img src=\"https:\/\/grub-architekten.de\/wp-content\/uploads\/2022\/03\/Lageplan-hp-2.jpg\" class=\" uk-transition-scale-up uk-transition-opaque\" alt=\"Krankenh\u00e4user und Kliniken (Auszug)\">                    <\/div>\n                    <div class=\"uk-width-1-2@m\">\n                \n                    \n                        \n                                                <h3 class=\"uk-h3 uk-margin-remove-top\">\n\n                                                            <a class=\"uk-link-reset\" href=\"https:\/\/grub-architekten.de\/?p=1164\">Krankenh\u00e4user und Kliniken (Auszug)<\/a>\n                            \n                            \n                        <\/h3>\n                        \n                        \n                        \n                                                <div class=\"uk-margin\"><!-- wp:list -->\n<ul><li>Parkklinik Hornbach, Umnutzung und Erweiterung zu Privatklinik (im Bau)<\/li><li>Nardiniklinikum St. Johannis Landstuhl, neue Liegendkrankenvorfahrt (in Planung)<\/li><li>Kreiskrankenhaus St. Ingbert, Umbau Geb\u00e4ude F zu einer Radiologischen Praxis<\/li><li>Parkklinik Hermeskeil, Neubau Privatklinik (in Planung)<\/li><li>Universit\u00e4tsklinik des Saarlandes, IMED, Bauleitung (f\u00fcr WTR Architekten Frankfurt)<\/li><li>Nardiniklinikum St. Johannis Landstuhl, Erneuerung Intensivpflege und Zentrum f\u00fcr Ambulantes Operieren<\/li><li>Kreiskrankenhaus St. Ingbert, Anbau IMC-Einheit<\/li><li>Rehaklinik f\u00fcr Geriatrie, Kardiologie und Neurologie V\u00f6lklingen (1. Preis Einladungswettbewerb)<\/li><li>Kinder- und Jugendpsychiatrische Tagesklinik Pirmasens<\/li><li>Nardiniklinikum St. Johannis Landstuhl, neue Zentralsterilisation<\/li><li>Nardiniklinikum St. Elisabeth Zweibr\u00fccken, Zentralapotheke<\/li><li>Nardiniklinikum St. Elisabeth Zweibr\u00fccken, diverse Ma\u00dfnahmen<\/li><li>Ev. Krankenhaus Bad D\u00fcrkheim, Erweiterungsbau Funktionsgeb\u00e4ude<\/li><li>Ev. Krankenhaus Bad D\u00fcrkheim, Erweiterungsbau Cafeteria<\/li><li>Ev. Krankenhaus Bad D\u00fcrkheim, Krankenhauskapelle<\/li><li>Ev. Krankenhaus Zweibr\u00fccken, Krankenhauskapelle<\/li><li>Ev. Krankenhaus Zweibr\u00fccken, Neubau sowie diverse Umbau und Sanierungsma\u00dfnahmen<\/li><\/ul>\n<!-- \/wp:list --><\/div>\n                        \n                        \n                        \n                    \n                                    <\/div>\n                <\/div>\n                \n            <\/div>\n        <\/div>\n\n    \n        <div >\n            <div class=\"uk-panel\">\n\n                \n                \n                \n                \n                    \n                        \n                                                <h3 class=\"uk-h3 uk-margin-remove-top\">\n\n                                                            <a class=\"uk-link-reset\" href=\"https:\/\/grub-architekten.de\/?p=1167\">Bauten der Pflege, Altenheime (Auszug)<\/a>\n                            \n                            \n                        <\/h3>\n                        \n                        \n                        \n                                                <div class=\"uk-margin\"><!-- wp:list -->\n<ul><li>DRK Altenheim, Ramstein<\/li><li>Altenpflegezentrum Haus Georg, Bruchm\u00fchlbach-Miesau<\/li><li>Altenpflegezentrum St. Laurentius, Namborn<\/li><li>Seniorenzentrum, W\u00f6rth<\/li><li>Nardinihaus, Pirmasens<\/li><li>AHZ Himmelsberg, Zweibr\u00fccken (LPH 1-7)<\/li><li>St. Augustin, P\u00fcttlingen (Projektstudie)<\/li><li>Altenpflegeeinrichtung, Riegelsberg (Projektstudie)<\/li><li>Altenpflegeeinrichtung, Villa Schwinn Zweibr\u00fccken (Projektstudie)<\/li><li>Hospiz, Bad D\u00fcrkheim (Projektstudie)<\/li><\/ul>\n<!-- \/wp:list -->\n\n<!-- wp:paragraph -->\n<p><\/p>\n<!-- \/wp:paragraph --><\/div>\n                        \n                        \n                        \n                    \n                \n            <\/div>\n        <\/div>\n\n    \n        <div >\n            <div class=\"uk-panel\">\n\n                \n                \n                \n                                <div class=\"uk-grid uk-flex-middle\" uk-grid>\n                    <div class=\"uk-width-1-2@m \">\n                        <img src=\"https:\/\/grub-architekten.de\/wp-content\/uploads\/2022\/03\/Webenheim-scaled.jpg\" class=\" uk-transition-scale-up uk-transition-opaque\" alt=\"Denkmalpflegerische Aufgaben und Kirchen (Auszug)\">                    <\/div>\n                    <div class=\"uk-width-1-2@m\">\n                \n                    \n                        \n                                                <h3 class=\"uk-h3 uk-margin-remove-top\">\n\n                                                            <a class=\"uk-link-reset\" href=\"https:\/\/grub-architekten.de\/?p=1171\">Denkmalpflegerische Aufgaben und Kirchen (Auszug)<\/a>\n                            \n                            \n                        <\/h3>\n                        \n                        \n                        \n                                                <div class=\"uk-margin\"><!-- wp:list -->\n<ul><li>Parkklinik Hornbach<\/li><li>Festhalle Zweibr\u00fccken<\/li><li>Kirche Burg Lichtenberg<\/li><li>Alexanderskirche Zweibr\u00fccken<\/li><li>Karlskirche Zweibr\u00fccken<\/li><li>Kloster Hornbach St. Fabian<\/li><li>Kirche Wattweiler<\/li><li>Kirche Winterbach<\/li><li>Zwinglikirche Zweibr\u00fccken<\/li><li>Kirche B\u00f6ckweiler<\/li><li>Kirche Mimbach<\/li><li>Kirche und Pfarrhaus Blieskastel<\/li><li>Kirche Webenheim<\/li><li>Kirche Althornbach<\/li><li>Kirche St. Ingbert S\u00fcd<\/li><li>Kirche Walsheim<\/li><li>Kirche Bliesdalheim<\/li><li>Kirche Bierbach<\/li><li>Kirche Luthersbrunn<\/li><li>Kirche Ernstweiler<\/li><li>Kirche Schnappach<\/li><li>Ev. Krankenhaus Zweibr\u00fccken, Krankenhauskapelle<\/li><\/ul>\n<!-- \/wp:list -->\n\n<!-- wp:gallery {\"linkTo\":\"none\"} -->\n<figure class=\"wp-block-gallery has-nested-images columns-default is-cropped\"><!-- wp:image {\"id\":1511,\"sizeSlug\":\"large\",\"linkDestination\":\"none\"} -->\n<figure class=\"wp-block-image size-large\"><img loading=\"lazy\" width=\"1024\" height=\"683\" src=\"https:\/\/grub-architekten.de\/wp-content\/uploads\/2022\/08\/Stephanuskirche_Boeckweiler01-1024x683.webp\" alt=\"\" class=\"wp-image-1511\" srcset=\"https:\/\/grub-architekten.de\/wp-content\/uploads\/2022\/08\/Stephanuskirche_Boeckweiler01-1024x683.webp 1024w, https:\/\/grub-architekten.de\/wp-content\/uploads\/2022\/08\/Stephanuskirche_Boeckweiler01-300x200.webp 300w, https:\/\/grub-architekten.de\/wp-content\/uploads\/2022\/08\/Stephanuskirche_Boeckweiler01-768x512.webp 768w, https:\/\/grub-architekten.de\/wp-content\/uploads\/2022\/08\/Stephanuskirche_Boeckweiler01-1536x1024.webp 1536w, https:\/\/grub-architekten.de\/wp-content\/uploads\/2022\/08\/Stephanuskirche_Boeckweiler01.webp 1920w\" sizes=\"(max-width: 1024px) 100vw, 1024px\" \/><\/figure>\n<!-- \/wp:image -->\n\n<!-- wp:image {\"id\":1510,\"sizeSlug\":\"large\",\"linkDestination\":\"none\"} -->\n<figure class=\"wp-block-image size-large\"><img loading=\"lazy\" width=\"1024\" height=\"683\" src=\"https:\/\/grub-architekten.de\/wp-content\/uploads\/2022\/08\/Christuskirche-Ernstweiler_1-1024x683.webp\" alt=\"\" class=\"wp-image-1510\" srcset=\"https:\/\/grub-architekten.de\/wp-content\/uploads\/2022\/08\/Christuskirche-Ernstweiler_1-1024x683.webp 1024w, https:\/\/grub-architekten.de\/wp-content\/uploads\/2022\/08\/Christuskirche-Ernstweiler_1-300x200.webp 300w, https:\/\/grub-architekten.de\/wp-content\/uploads\/2022\/08\/Christuskirche-Ernstweiler_1-768x512.webp 768w, https:\/\/grub-architekten.de\/wp-content\/uploads\/2022\/08\/Christuskirche-Ernstweiler_1-1536x1024.webp 1536w, https:\/\/grub-architekten.de\/wp-content\/uploads\/2022\/08\/Christuskirche-Ernstweiler_1.webp 1920w\" sizes=\"(max-width: 1024px) 100vw, 1024px\" \/><\/figure>\n<!-- \/wp:image --><\/figure>\n<!-- \/wp:gallery -->\n\n<!-- wp:gallery {\"linkTo\":\"none\"} -->\n<figure class=\"wp-block-gallery has-nested-images columns-default is-cropped\"><!-- wp:image {\"id\":1634,\"sizeSlug\":\"large\",\"linkDestination\":\"none\"} -->\n<figure class=\"wp-block-image size-large\"><img loading=\"lazy\" width=\"1920\" height=\"1280\" src=\"https:\/\/grub-architekten.de\/wp-content\/uploads\/2026\/03\/webenheim-02_small.jpg\" alt=\"\" class=\"wp-image-1634\" srcset=\"https:\/\/grub-architekten.de\/wp-content\/uploads\/2026\/03\/webenheim-02_small.jpg 1920w, https:\/\/grub-architekten.de\/wp-content\/uploads\/2026\/03\/webenheim-02_small-300x200.jpg 300w, https:\/\/grub-architekten.de\/wp-content\/uploads\/2026\/03\/webenheim-02_small-1024x683.jpg 1024w, https:\/\/grub-architekten.de\/wp-content\/uploads\/2026\/03\/webenheim-02_small-768x512.jpg 768w, https:\/\/grub-architekten.de\/wp-content\/uploads\/2026\/03\/webenheim-02_small-1536x1024.jpg 1536w\" sizes=\"(max-width: 1920px) 100vw, 1920px\" \/><figcaption>Kirche Webenheim, k\u00fcnstl. Gestaltung des Kolumbariums - Madeleine Dietz<\/figcaption><\/figure>\n<!-- \/wp:image --><\/figure>\n<!-- \/wp:gallery -->\n\n<!-- wp:paragraph -->\n<p><\/p>\n<!-- \/wp:paragraph --><\/div>\n                        \n                        \n                        \n                    \n                                    <\/div>\n                <\/div>\n                \n            <\/div>\n        <\/div>\n\n    \n        <div >\n            <div class=\"uk-panel\">\n\n                \n                \n                \n                                <div class=\"uk-grid uk-flex-middle\" uk-grid>\n                    <div class=\"uk-width-1-2@m \">\n                        <img src=\"https:\/\/grub-architekten.de\/wp-content\/uploads\/2022\/03\/Neue-Feuerwache-Zweibruecken_07-scaled.jpg\" class=\" uk-transition-scale-up uk-transition-opaque\" alt=\"Sonderbauten\">                    <\/div>\n                    <div class=\"uk-width-1-2@m\">\n                \n                    \n                        \n                                                <h3 class=\"uk-h3 uk-margin-remove-top\">\n\n                                                            <a class=\"uk-link-reset\" href=\"https:\/\/grub-architekten.de\/?p=1169\">Sonderbauten<\/a>\n                            \n                            \n                        <\/h3>\n                        \n                        \n                        \n                                                <div class=\"uk-margin\"><!-- wp:list -->\n<ul><li>Julius-K\u00fchn-Institut Siebeldingen<\/li><li>Laborgeb\u00e4ude FH Zweibr\u00fccken<\/li><li>Autobahnmeistereien Landstuhl und Wattenheim<\/li><li>Westpfalzhalle Zweibr\u00fccken (Generalsanierung)<\/li><li>Ignaz-Roth-Sporthalle Zweibr\u00fccken <\/li><li>Feuerwache Zweibr\u00fccken<\/li><li>Flughafen Zweibr\u00fccken Terminal<\/li><li>Rettungswache ASB Zweibr\u00fccken<\/li><li>Milit\u00e4rbauten Bundeswehr \/ Nato \/ US<\/li><li>Autobahn-WC-Anlagen (18 St\u00fcck in RLP)<\/li><li>Infrastrukturgeb\u00e4ude<\/li><\/ul>\n<!-- \/wp:list -->\n\n<!-- wp:image {\"id\":1616,\"width\":1920,\"sizeSlug\":\"large\",\"linkDestination\":\"none\"} -->\n<figure class=\"wp-block-image size-large is-resized\"><img src=\"https:\/\/grub-architekten.de\/wp-content\/uploads\/2026\/03\/Terminal-ZW-1024x899.jpg\" alt=\"\" class=\"wp-image-1616\" width=\"1920\" srcset=\"https:\/\/grub-architekten.de\/wp-content\/uploads\/2026\/03\/Terminal-ZW-1024x899.jpg 1024w, https:\/\/grub-architekten.de\/wp-content\/uploads\/2026\/03\/Terminal-ZW-300x263.jpg 300w, https:\/\/grub-architekten.de\/wp-content\/uploads\/2026\/03\/Terminal-ZW-768x674.jpg 768w, https:\/\/grub-architekten.de\/wp-content\/uploads\/2026\/03\/Terminal-ZW-1536x1348.jpg 1536w, https:\/\/grub-architekten.de\/wp-content\/uploads\/2026\/03\/Terminal-ZW.jpg 1920w\" sizes=\"(max-width: 1024px) 100vw, 1024px\" \/><\/figure>\n<!-- \/wp:image -->\n\n<!-- wp:gallery {\"columns\":2,\"linkTo\":\"none\"} -->\n<figure class=\"wp-block-gallery has-nested-images columns-2 is-cropped\"><!-- wp:image {\"id\":1622,\"sizeSlug\":\"large\",\"linkDestination\":\"none\"} -->\n<figure class=\"wp-block-image size-large\"><img loading=\"lazy\" width=\"1000\" height=\"600\" src=\"https:\/\/grub-architekten.de\/wp-content\/uploads\/2022\/03\/wattenheim01_1000x600.jpg\" alt=\"\" class=\"wp-image-1622\" srcset=\"https:\/\/grub-architekten.de\/wp-content\/uploads\/2022\/03\/wattenheim01_1000x600.jpg 1000w, https:\/\/grub-architekten.de\/wp-content\/uploads\/2022\/03\/wattenheim01_1000x600-300x180.jpg 300w, https:\/\/grub-architekten.de\/wp-content\/uploads\/2022\/03\/wattenheim01_1000x600-768x461.jpg 768w\" sizes=\"(max-width: 1000px) 100vw, 1000px\" \/><\/figure>\n<!-- \/wp:image -->\n\n<!-- wp:image {\"id\":1623,\"sizeSlug\":\"large\",\"linkDestination\":\"none\"} -->\n<figure class=\"wp-block-image size-large\"><img loading=\"lazy\" width=\"1000\" height=\"600\" src=\"https:\/\/grub-architekten.de\/wp-content\/uploads\/2022\/03\/wattenheim02_1000x600.jpg\" alt=\"\" class=\"wp-image-1623\" srcset=\"https:\/\/grub-architekten.de\/wp-content\/uploads\/2022\/03\/wattenheim02_1000x600.jpg 1000w, https:\/\/grub-architekten.de\/wp-content\/uploads\/2022\/03\/wattenheim02_1000x600-300x180.jpg 300w, https:\/\/grub-architekten.de\/wp-content\/uploads\/2022\/03\/wattenheim02_1000x600-768x461.jpg 768w\" sizes=\"(max-width: 1000px) 100vw, 1000px\" \/><\/figure>\n<!-- \/wp:image -->\n\n<!-- wp:image {\"id\":1624,\"sizeSlug\":\"large\",\"linkDestination\":\"none\"} -->\n<figure class=\"wp-block-image size-large\"><img loading=\"lazy\" width=\"1000\" height=\"600\" src=\"https:\/\/grub-architekten.de\/wp-content\/uploads\/2022\/03\/westpfalzhalle01_1000x600.jpg\" alt=\"\" class=\"wp-image-1624\" srcset=\"https:\/\/grub-architekten.de\/wp-content\/uploads\/2022\/03\/westpfalzhalle01_1000x600.jpg 1000w, https:\/\/grub-architekten.de\/wp-content\/uploads\/2022\/03\/westpfalzhalle01_1000x600-300x180.jpg 300w, https:\/\/grub-architekten.de\/wp-content\/uploads\/2022\/03\/westpfalzhalle01_1000x600-768x461.jpg 768w\" sizes=\"(max-width: 1000px) 100vw, 1000px\" \/><\/figure>\n<!-- \/wp:image -->\n\n<!-- wp:image {\"id\":1629,\"sizeSlug\":\"large\",\"linkDestination\":\"none\"} -->\n<figure class=\"wp-block-image size-large\"><img loading=\"lazy\" width=\"1000\" height=\"600\" src=\"https:\/\/grub-architekten.de\/wp-content\/uploads\/2022\/03\/geilweilerhof03_1000x600.jpg\" alt=\"\" class=\"wp-image-1629\" srcset=\"https:\/\/grub-architekten.de\/wp-content\/uploads\/2022\/03\/geilweilerhof03_1000x600.jpg 1000w, https:\/\/grub-architekten.de\/wp-content\/uploads\/2022\/03\/geilweilerhof03_1000x600-300x180.jpg 300w, https:\/\/grub-architekten.de\/wp-content\/uploads\/2022\/03\/geilweilerhof03_1000x600-768x461.jpg 768w\" sizes=\"(max-width: 1000px) 100vw, 1000px\" \/><\/figure>\n<!-- \/wp:image -->\n\n<!-- wp:image {\"id\":1625,\"sizeSlug\":\"large\",\"linkDestination\":\"none\"} -->\n<figure class=\"wp-block-image size-large\"><img loading=\"lazy\" width=\"1000\" height=\"600\" src=\"https:\/\/grub-architekten.de\/wp-content\/uploads\/2022\/03\/feuerwehr-zw1_1000x600.jpg\" alt=\"\" class=\"wp-image-1625\" srcset=\"https:\/\/grub-architekten.de\/wp-content\/uploads\/2022\/03\/feuerwehr-zw1_1000x600.jpg 1000w, https:\/\/grub-architekten.de\/wp-content\/uploads\/2022\/03\/feuerwehr-zw1_1000x600-300x180.jpg 300w, https:\/\/grub-architekten.de\/wp-content\/uploads\/2022\/03\/feuerwehr-zw1_1000x600-768x461.jpg 768w\" sizes=\"(max-width: 1000px) 100vw, 1000px\" \/><\/figure>\n<!-- \/wp:image -->\n\n<!-- wp:image {\"id\":1626,\"sizeSlug\":\"large\",\"linkDestination\":\"none\"} -->\n<figure class=\"wp-block-image size-large\"><img loading=\"lazy\" width=\"1000\" height=\"600\" src=\"https:\/\/grub-architekten.de\/wp-content\/uploads\/2022\/03\/feuerwehr-zw2_1000x600.jpg\" alt=\"\" class=\"wp-image-1626\" srcset=\"https:\/\/grub-architekten.de\/wp-content\/uploads\/2022\/03\/feuerwehr-zw2_1000x600.jpg 1000w, https:\/\/grub-architekten.de\/wp-content\/uploads\/2022\/03\/feuerwehr-zw2_1000x600-300x180.jpg 300w, https:\/\/grub-architekten.de\/wp-content\/uploads\/2022\/03\/feuerwehr-zw2_1000x600-768x461.jpg 768w\" sizes=\"(max-width: 1000px) 100vw, 1000px\" \/><\/figure>\n<!-- \/wp:image --><\/figure>\n<!-- \/wp:gallery --><\/div>\n                        \n                        \n                        \n                    \n                                    <\/div>\n                <\/div>\n                \n            <\/div>\n        <\/div>\n\n    \n    <\/div>\n\n\n<\/div>\n<p><!--more--><br \/>\n<!-- {\"type\":\"layout\",\"children\":[{\"type\":\"section\",\"props\":{\"style\":\"default\",\"width\":\"default\",\"vertical_align\":\"middle\",\"title_position\":\"top-left\",\"title_rotation\":\"left\",\"title_breakpoint\":\"xl\",\"image_position\":\"center-center\",\"padding\":\"none\",\"overlap\":false},\"children\":[{\"type\":\"row\",\"children\":[{\"type\":\"column\",\"props\":{\"image_position\":\"center-center\",\"media_overlay_gradient\":\"\",\"width_medium\":\"1-1\",\"position_sticky_breakpoint\":\"m\"},\"children\":[{\"type\":\"text\",\"props\":{\"margin\":\"default\",\"column_breakpoint\":\"m\",\"content\":\"\n\n<div>[smartslider3 slider=10]<\\\/div>\"},\"name\":\"smartslider-Referenzen\"},{\"type\":\"text\",\"props\":{\"margin\":\"default\",\"column_breakpoint\":\"m\",\"content\":\"\n\n[widgetkit id=\\\"1\\\"]<\\\/p>\"},\"name\":\"WidgetkitBlog\"}]}]}]}],\"version\":\"2.7.20\"} --><\/p>\n","protected":false},"excerpt":{"rendered":"","protected":false},"author":3,"featured_media":0,"parent":0,"menu_order":0,"comment_status":"closed","ping_status":"closed","template":"","meta":[],"_links":{"self":[{"href":"https:\/\/grub-architekten.de\/index.php?rest_route=\/wp\/v2\/pages\/761"}],"collection":[{"href":"https:\/\/grub-architekten.de\/index.php?rest_route=\/wp\/v2\/pages"}],"about":[{"href":"https:\/\/grub-architekten.de\/index.php?rest_route=\/wp\/v2\/types\/page"}],"author":[{"embeddable":true,"href":"https:\/\/grub-architekten.de\/index.php?rest_route=\/wp\/v2\/users\/3"}],"replies":[{"embeddable":true,"href":"https:\/\/grub-architekten.de\/index.php?rest_route=%2Fwp%2Fv2%2Fcomments&post=761"}],"version-history":[{"count":21,"href":"https:\/\/grub-architekten.de\/index.php?rest_route=\/wp\/v2\/pages\/761\/revisions"}],"predecessor-version":[{"id":1407,"href":"https:\/\/grub-architekten.de\/index.php?rest_route=\/wp\/v2\/pages\/761\/revisions\/1407"}],"wp:attachment":[{"href":"https:\/\/grub-architekten.de\/index.php?rest_route=%2Fwp%2Fv2%2Fmedia&parent=761"}],"curies":[{"name":"wp","href":"https:\/\/api.w.org\/{rel}","templated":true}]}}